{"id":5260,"date":"2025-06-11T11:31:14","date_gmt":"2025-06-11T16:31:14","guid":{"rendered":"https:\/\/www.usosaldana.com.co\/?page_id=5260"},"modified":"2025-06-11T11:45:25","modified_gmt":"2025-06-11T16:45:25","slug":"propuestas-para-la-elaboracion-del-plan-estrategico-usosaldana-2025-2029","status":"publish","type":"page","link":"https:\/\/www.usosaldana.com.co\/index.php\/propuestas-para-la-elaboracion-del-plan-estrategico-usosaldana-2025-2029\/","title":{"rendered":"Propuestas para la elaboraci\u00f3n del Plan Estrat\u00e9gico USOSALDA\u00d1A 2025\u20132029"},"content":{"rendered":"\n<p align='justify'>La Gerencia y la Junta Directiva de USOSALDA\u00d1A se re\u00fanen hoy con representantes del sector acad\u00e9mico y empresarial, con el prop\u00f3sito de escuchar las propuestas para la elaboraci\u00f3n del Plan Estrat\u00e9gico USOSALDA\u00d1A 2025\u20132029.<\/p>\n\n\n\n<p align='justify'>Durante la jornada, la Universidad de Ibagu\u00e9, MHConsulting y la Universidad EAFIT presentar\u00e1n y socializar\u00e1n sus metodolog\u00edas para la construcci\u00f3n de este importante instrumento de planificaci\u00f3n.<\/p>\n\n\n\n<p>\u00a1USOSALDA\u00d1A, un distrito para crecer!<\/p>\n\n\n<div id=\"metaslider-id-5253\" style=\"width: 100%;\" class=\"ml-slider-3-108-0 metaslider metaslider-flex metaslider-5253 ml-slider has-dots-nav ms-theme-default-base\" role=\"region\" aria-label=\"Propuestas Plan Estrat\u00e9gico\" data-height=\"300\" data-width=\"700\">\n    <div id=\"metaslider_container_5253\">\n        <div id=\"metaslider_5253\">\n            <ul class='slides'>\n                <li style=\"display: block; width: 100%;\" class=\"slide-5254 ms-image \" aria-roledescription=\"slide\" data-date=\"2025-06-11 11:28:15\" data-filename=\"WhatsApp-Image-2025-06-11-at-10.11.56-AM-700x300.jpeg\" data-slide-type=\"image\"><img loading=\"lazy\" decoding=\"async\" src=\"https:\/\/www.usosaldana.com.co\/wp-content\/uploads\/2025\/06\/WhatsApp-Image-2025-06-11-at-10.11.56-AM-700x300.jpeg\" height=\"300\" width=\"700\" alt=\"\" class=\"slider-5253 slide-5254 msDefaultImage\" title=\"WhatsApp Image 2025-06-11 at 10.11.56 AM\" \/><\/li>\n                <li style=\"display: none; width: 100%;\" class=\"slide-5255 ms-image \" aria-roledescription=\"slide\" data-date=\"2025-06-11 11:28:29\" data-filename=\"WhatsApp-Image-2025-06-11-at-10.11.56-AM1-700x300.jpeg\" data-slide-type=\"image\"><img loading=\"lazy\" decoding=\"async\" src=\"https:\/\/www.usosaldana.com.co\/wp-content\/uploads\/2025\/06\/WhatsApp-Image-2025-06-11-at-10.11.56-AM1-700x300.jpeg\" height=\"300\" width=\"700\" alt=\"\" class=\"slider-5253 slide-5255 msDefaultImage\" title=\"WhatsApp Image 2025-06-11 at 10.11.56 AM(1)\" \/><\/li>\n                <li style=\"display: none; width: 100%;\" class=\"slide-5256 ms-image \" aria-roledescription=\"slide\" data-date=\"2025-06-11 11:28:29\" data-filename=\"WhatsApp-Image-2025-06-11-at-10.11.57-AM1-700x300.jpeg\" data-slide-type=\"image\"><img loading=\"lazy\" decoding=\"async\" src=\"https:\/\/www.usosaldana.com.co\/wp-content\/uploads\/2025\/06\/WhatsApp-Image-2025-06-11-at-10.11.57-AM1-700x300.jpeg\" height=\"300\" width=\"700\" alt=\"\" class=\"slider-5253 slide-5256 msDefaultImage\" title=\"WhatsApp Image 2025-06-11 at 10.11.57 AM(1)\" \/><\/li>\n                <li style=\"display: none; width: 100%;\" class=\"slide-5257 ms-image \" aria-roledescription=\"slide\" data-date=\"2025-06-11 11:28:29\" data-filename=\"WhatsApp-Image-2025-06-11-at-10.11.57-AM2-700x300.jpeg\" data-slide-type=\"image\"><img loading=\"lazy\" decoding=\"async\" src=\"https:\/\/www.usosaldana.com.co\/wp-content\/uploads\/2025\/06\/WhatsApp-Image-2025-06-11-at-10.11.57-AM2-700x300.jpeg\" height=\"300\" width=\"700\" alt=\"\" class=\"slider-5253 slide-5257 msDefaultImage\" title=\"WhatsApp Image 2025-06-11 at 10.11.57 AM(2)\" \/><\/li>\n                <li style=\"display: none; width: 100%;\" class=\"slide-5258 ms-image \" aria-roledescription=\"slide\" data-date=\"2025-06-11 11:28:29\" data-filename=\"WhatsApp-Image-2025-06-11-at-10.11.57-AM-700x300.jpeg\" data-slide-type=\"image\"><img loading=\"lazy\" decoding=\"async\" src=\"https:\/\/www.usosaldana.com.co\/wp-content\/uploads\/2025\/06\/WhatsApp-Image-2025-06-11-at-10.11.57-AM-700x300.jpeg\" height=\"300\" width=\"700\" alt=\"\" class=\"slider-5253 slide-5258 msDefaultImage\" title=\"WhatsApp Image 2025-06-11 at 10.11.57 AM\" \/><\/li>\n            <\/ul>\n        <\/div>\n        \n    <\/div>\n<\/div>\n","protected":false},"excerpt":{"rendered":"<p>La Gerencia y la Junta Directiva de USOSALDA\u00d1A se re\u00fanen hoy con representantes del sector acad\u00e9mico y empresarial, con el prop\u00f3sito de escuchar las propuestas para la elaboraci\u00f3n del Plan Estrat\u00e9gico USOSALDA\u00d1A 2025\u20132029.<\/p>\n","protected":false},"author":3,"featured_media":5241,"parent":0,"menu_order":0,"comment_status":"closed","ping_status":"closed","template":"","meta":{"footnotes":""},"class_list":["post-5260","page","type-page","status-publish","has-post-thumbnail","czr-hentry"],"_links":{"self":[{"href":"https:\/\/www.usosaldana.com.co\/index.php\/wp-json\/wp\/v2\/pages\/5260","targetHints":{"allow":["GET"]}}],"collection":[{"href":"https:\/\/www.usosaldana.com.co\/index.php\/wp-json\/wp\/v2\/pages"}],"about":[{"href":"https:\/\/www.usosaldana.com.co\/index.php\/wp-json\/wp\/v2\/types\/page"}],"author":[{"embeddable":true,"href":"https:\/\/www.usosaldana.com.co\/index.php\/wp-json\/wp\/v2\/users\/3"}],"replies":[{"embeddable":true,"href":"https:\/\/www.usosaldana.com.co\/index.php\/wp-json\/wp\/v2\/comments?post=5260"}],"version-history":[{"count":8,"href":"https:\/\/www.usosaldana.com.co\/index.php\/wp-json\/wp\/v2\/pages\/5260\/revisions"}],"predecessor-version":[{"id":5272,"href":"https:\/\/www.usosaldana.com.co\/index.php\/wp-json\/wp\/v2\/pages\/5260\/revisions\/5272"}],"wp:featuredmedia":[{"embeddable":true,"href":"https:\/\/www.usosaldana.com.co\/index.php\/wp-json\/wp\/v2\/media\/5241"}],"wp:attachment":[{"href":"https:\/\/www.usosaldana.com.co\/index.php\/wp-json\/wp\/v2\/media?parent=5260"}],"curies":[{"name":"wp","href":"https:\/\/api.w.org\/{rel}","templated":true}]}}