{"id":5838,"date":"2025-12-18T10:04:34","date_gmt":"2025-12-18T15:04:34","guid":{"rendered":"https:\/\/www.usosaldana.com.co\/?page_id=5838"},"modified":"2025-12-18T10:25:49","modified_gmt":"2025-12-18T15:25:49","slug":"repoblamiento-de-alevinos-en-el-rio-saldana","status":"publish","type":"page","link":"https:\/\/www.usosaldana.com.co\/index.php\/repoblamiento-de-alevinos-en-el-rio-saldana\/","title":{"rendered":"REPOBLAMIENTO DE ALEVINOS EN EL R\u00cdO SALDA\u00d1A"},"content":{"rendered":"\n<p>Desde la bocatoma del Distrito de Riego USOSALDA\u00d1A, realizamos una importante jornada de liberaci\u00f3n de 50.000 alevinos de la especie Bocachico, los cuales fueron tra\u00eddos desde la Estaci\u00f3n Pisc\u00edcola del Alto Magdalena, perteneciente a la Autoridad Nacional de Agricultura y Pesca.<\/p>\n\n\n\n<p>Esta actividad reafirma nuestro compromiso con la protecci\u00f3n del recurso h\u00eddrico, la conservaci\u00f3n de la fauna acu\u00e1tica y el fortalecimiento de la seguridad alimentaria de las comunidades que habitan en las zonas de influencia del r\u00edo Salda\u00f1a y del distrito de riego.<\/p>\n\n\n\n<p>&#x1f449; Hacemos un llamado especial a los agricultores, pescadores, usuarios del distrito y comunidad en general para que:<\/p>\n\n\n\n<p>&nbsp;&nbsp;&nbsp;&nbsp;&nbsp;&nbsp;&nbsp;&nbsp;&nbsp;&nbsp;&nbsp;&nbsp;&nbsp;&nbsp;&nbsp; \u2022&nbsp;&nbsp;&nbsp;&nbsp;&nbsp;&nbsp;&nbsp;&nbsp;&nbsp;&nbsp;&nbsp;&nbsp; Eviten el uso de productos agroqu\u00edmicos altamente t\u00f3xicos.<\/p>\n\n\n\n<p>&nbsp;&nbsp;&nbsp;&nbsp;&nbsp;&nbsp;&nbsp;&nbsp;&nbsp;&nbsp;&nbsp;&nbsp;&nbsp;&nbsp;&nbsp; \u2022&nbsp;&nbsp;&nbsp;&nbsp;&nbsp;&nbsp;&nbsp;&nbsp;&nbsp;&nbsp;&nbsp;&nbsp; No realicen el lavado de bombas, equipos o envases en quebradas, canales de riego o fuentes h\u00eddricas.<\/p>\n\n\n\n<p>&nbsp;&nbsp;&nbsp;&nbsp;&nbsp;&nbsp;&nbsp;&nbsp;&nbsp;&nbsp;&nbsp;&nbsp;&nbsp;&nbsp;&nbsp; \u2022&nbsp;&nbsp;&nbsp;&nbsp;&nbsp;&nbsp;&nbsp;&nbsp;&nbsp;&nbsp;&nbsp;&nbsp; Adopten mejores pr\u00e1cticas agr\u00edcolas, m\u00e1s responsables y amigables con el medio ambiente.<\/p>\n\n\n\n<p>Estos alevinos representan vida y futuro. Con el cuidado de todos, m\u00e1s adelante podr\u00e1n convertirse en una fuente de alimento para muchas familias de nuestra regi\u00f3n.<\/p>\n\n\n\n<p>&#x1f4a7;&#x1f420; Cuidar el agua y la fauna es responsabilidad de todos.<\/p>\n\n\n\n<p>Desde USOSALDA\u00d1A seguimos trabajando por un desarrollo agr\u00edcola sostenible y la protecci\u00f3n del r\u00edo Salda\u00f1a.<\/p>\n\n\n<div id=\"metaslider-id-5850\" style=\"width: 100%;\" class=\"ml-slider-3-108-0 metaslider metaslider-flex metaslider-5850 ml-slider has-dots-nav ms-theme-default-base\" role=\"region\" aria-label=\"Repoblamiento de Alevinos rio Salda\u00f1a\" data-height=\"800\" data-width=\"1200\">\n    <div id=\"metaslider_container_5850\">\n        <div id=\"metaslider_5850\">\n            <ul aria-live='off' class='slides'>\n                <li style=\"display: block; width: 100%;\" class=\"slide-5851 ms-image \" aria-roledescription=\"slide\" data-date=\"2025-12-18 10:15:48\" data-filename=\"1-1200x800.jpeg\" data-slide-type=\"image\"><img loading=\"lazy\" decoding=\"async\" src=\"https:\/\/www.usosaldana.com.co\/wp-content\/uploads\/2025\/12\/1-1200x800.jpeg\" height=\"800\" width=\"1200\" alt=\"\" class=\"slider-5850 slide-5851 msDefaultImage\" title=\"1\" \/><div class=\"caption-wrap\"><div class=\"caption\"><div> <p class=\"MsoNormal\" style=\"margin-bottom:0cm;line-height:normal;\"><span style=\"font-family:'Segoe UI Emoji', sans-serif;\">\ud83c\udf31\ud83d\udc1f<\/span> REPOBLAMIENTO DE ALEVINOS EN EL R\u00cdO SALDA\u00d1A <span style=\"font-family:'Segoe UI Emoji', sans-serif;\">\ud83d\udc1f\ud83c\udf31<\/span><\/p> <p class=\"MsoNormal\" style=\"margin-bottom:0cm;line-height:normal;\">\u00a0<\/p> <p class=\"MsoNormal\" style=\"margin-bottom:0cm;line-height:normal;\">Desde la bocatoma del Distrito de Riego USOSALDA\u00d1A, realizamos una importante jornada de liberaci\u00f3n de 50.000 alevinos de la especie Bocachico, los cuales fueron tra\u00eddos desde la Estaci\u00f3n Pisc\u00edcola del Alto Magdalena, perteneciente a la Autoridad Nacional de Agricultura y Pesca.<\/p> <\/div><\/div><\/div><\/li>\n                <li style=\"display: none; width: 100%;\" class=\"slide-5852 ms-image \" aria-roledescription=\"slide\" data-date=\"2025-12-18 10:15:48\" data-filename=\"2-1200x800.jpeg\" data-slide-type=\"image\"><img loading=\"lazy\" decoding=\"async\" src=\"https:\/\/www.usosaldana.com.co\/wp-content\/uploads\/2025\/12\/2-1200x800.jpeg\" height=\"800\" width=\"1200\" alt=\"\" class=\"slider-5850 slide-5852 msDefaultImage\" title=\"2\" \/><div class=\"caption-wrap\"><div class=\"caption\"><div> <p class=\"MsoNormal\" style=\"margin-bottom:0cm;line-height:normal;\">Esta actividad reafirma nuestro compromiso con la protecci\u00f3n del recurso h\u00eddrico, la conservaci\u00f3n de la fauna acu\u00e1tica y el fortalecimiento de la seguridad alimentaria de las comunidades que habitan en las zonas de influencia del r\u00edo Salda\u00f1a y del distrito de riego.<\/p> <\/div><\/div><\/div><\/li>\n                <li style=\"display: none; width: 100%;\" class=\"slide-5853 ms-image \" aria-roledescription=\"slide\" data-date=\"2025-12-18 10:15:48\" data-filename=\"3-1200x800.jpeg\" data-slide-type=\"image\"><img loading=\"lazy\" decoding=\"async\" src=\"https:\/\/www.usosaldana.com.co\/wp-content\/uploads\/2025\/12\/3-1200x800.jpeg\" height=\"800\" width=\"1200\" alt=\"\" class=\"slider-5850 slide-5853 msDefaultImage\" title=\"3\" \/><div class=\"caption-wrap\"><div class=\"caption\"><div> <p class=\"MsoNormal\" style=\"margin-bottom:0cm;line-height:normal;\"><span style=\"font-family:'Segoe UI Emoji', sans-serif;\">\ud83d\udc49<\/span> Hacemos un llamado especial a los agricultores, pescadores, usuarios del distrito y comunidad en general para que:<\/p> <p class=\"MsoNormal\" style=\"margin-bottom:0cm;line-height:normal;\"><span>\u00a0\u00a0\u00a0\u00a0\u00a0\u00a0\u00a0\u00a0\u00a0\u00a0\u00a0\u00a0\u00a0\u00a0\u00a0 <\/span>\u2022<span>\u00a0\u00a0\u00a0\u00a0\u00a0\u00a0\u00a0\u00a0\u00a0\u00a0\u00a0\u00a0 <\/span>Eviten el uso de productos agroqu\u00edmicos altamente t\u00f3xicos.<\/p> <p class=\"MsoNormal\" style=\"margin-bottom:0cm;line-height:normal;\"><span>\u00a0\u00a0\u00a0\u00a0\u00a0\u00a0\u00a0\u00a0\u00a0\u00a0\u00a0\u00a0\u00a0\u00a0\u00a0 <\/span>\u2022<span>\u00a0\u00a0\u00a0\u00a0\u00a0\u00a0\u00a0\u00a0\u00a0\u00a0\u00a0\u00a0 <\/span>No realicen el lavado de bombas, equipos o envases en quebradas, canales de riego o fuentes h\u00eddricas.<\/p> <p class=\"MsoNormal\" style=\"margin-bottom:0cm;line-height:normal;\"><span>\u00a0\u00a0\u00a0\u00a0\u00a0\u00a0\u00a0\u00a0\u00a0\u00a0\u00a0\u00a0\u00a0\u00a0\u00a0 <\/span>\u2022<span>\u00a0\u00a0\u00a0\u00a0\u00a0\u00a0\u00a0\u00a0\u00a0\u00a0\u00a0\u00a0 <\/span>Adopten mejores pr\u00e1cticas agr\u00edcolas, m\u00e1s responsables y amigables con el medio ambiente.<\/p> <\/div><\/div><\/div><\/li>\n                <li style=\"display: none; width: 100%;\" class=\"slide-5854 ms-image \" aria-roledescription=\"slide\" data-date=\"2025-12-18 10:15:48\" data-filename=\"4-1200x800.jpeg\" data-slide-type=\"image\"><img loading=\"lazy\" decoding=\"async\" src=\"https:\/\/www.usosaldana.com.co\/wp-content\/uploads\/2025\/12\/4-1200x800.jpeg\" height=\"800\" width=\"1200\" alt=\"\" class=\"slider-5850 slide-5854 msDefaultImage\" title=\"4\" \/><div class=\"caption-wrap\"><div class=\"caption\"><div> <p class=\"MsoNormal\" style=\"margin-bottom:0cm;line-height:normal;\">Estos alevinos representan vida y futuro. Con el cuidado de todos, m\u00e1s adelante podr\u00e1n convertirse en una fuente de alimento para muchas familias de nuestra regi\u00f3n.<\/p> <\/div><\/div><\/div><\/li>\n                <li style=\"display: none; width: 100%;\" class=\"slide-5855 ms-image \" aria-roledescription=\"slide\" data-date=\"2025-12-18 10:15:48\" data-filename=\"5-1200x800.jpeg\" data-slide-type=\"image\"><img loading=\"lazy\" decoding=\"async\" src=\"https:\/\/www.usosaldana.com.co\/wp-content\/uploads\/2025\/12\/5-1200x800.jpeg\" height=\"800\" width=\"1200\" alt=\"\" class=\"slider-5850 slide-5855 msDefaultImage\" title=\"5\" \/><div class=\"caption-wrap\"><div class=\"caption\"><div> <p class=\"MsoNormal\" style=\"margin-bottom:0cm;line-height:normal;\"><span style=\"font-family:'Segoe UI Emoji', sans-serif;\">\ud83d\udca7\ud83d\udc20<\/span> Cuidar el agua y la fauna es responsabilidad de todos.<\/p> <p class=\"MsoNormal\" style=\"margin-bottom:0cm;line-height:normal;\">Desde USOSALDA\u00d1A seguimos trabajando por un desarrollo agr\u00edcola sostenible y la protecci\u00f3n del r\u00edo Salda\u00f1a.<\/p> <\/div><\/div><\/div><\/li>\n            <\/ul>\n        <\/div>\n        \n    <\/div>\n<\/div>\n\n\n\n<figure class=\"wp-block-video\"><video height=\"832\" style=\"aspect-ratio: 464 \/ 832;\" width=\"464\" controls src=\"https:\/\/www.usosaldana.com.co\/wp-content\/uploads\/2025\/12\/Video1.mp4\"><\/video><\/figure>\n\n\n\n<figure class=\"wp-block-video\"><video height=\"832\" style=\"aspect-ratio: 464 \/ 832;\" width=\"464\" controls src=\"https:\/\/www.usosaldana.com.co\/wp-content\/uploads\/2025\/12\/Video2.mp4\"><\/video><\/figure>\n\n\n\n<figure class=\"wp-block-video\"><video height=\"832\" style=\"aspect-ratio: 464 \/ 832;\" width=\"464\" controls src=\"https:\/\/www.usosaldana.com.co\/wp-content\/uploads\/2025\/12\/Video3.mp4\"><\/video><\/figure>\n\n\n\n<figure class=\"wp-block-video\"><video height=\"832\" style=\"aspect-ratio: 464 \/ 832;\" width=\"464\" controls src=\"https:\/\/www.usosaldana.com.co\/wp-content\/uploads\/2025\/12\/Video4.mp4\"><\/video><\/figure>\n\n\n\n<figure class=\"wp-block-video\"><video height=\"832\" style=\"aspect-ratio: 464 \/ 832;\" width=\"464\" controls src=\"https:\/\/www.usosaldana.com.co\/wp-content\/uploads\/2025\/12\/Video5.mp4\"><\/video><\/figure>\n","protected":false},"excerpt":{"rendered":"<p>Desde la bocatoma del Distrito de Riego USOSALDA\u00d1A, realizamos una importante jornada de liberaci\u00f3n de 50.000 alevinos de la especie Bocachico, los cuales fueron tra\u00eddos desde la Estaci\u00f3n Pisc\u00edcola del Alto Magdalena, perteneciente a la Autoridad Nacional de Agricultura y Pesca.<\/p>\n","protected":false},"author":3,"featured_media":5844,"parent":0,"menu_order":0,"comment_status":"closed","ping_status":"closed","template":"","meta":{"footnotes":""},"class_list":["post-5838","page","type-page","status-publish","has-post-thumbnail","czr-hentry"],"_links":{"self":[{"href":"https:\/\/www.usosaldana.com.co\/index.php\/wp-json\/wp\/v2\/pages\/5838","targetHints":{"allow":["GET"]}}],"collection":[{"href":"https:\/\/www.usosaldana.com.co\/index.php\/wp-json\/wp\/v2\/pages"}],"about":[{"href":"https:\/\/www.usosaldana.com.co\/index.php\/wp-json\/wp\/v2\/types\/page"}],"author":[{"embeddable":true,"href":"https:\/\/www.usosaldana.com.co\/index.php\/wp-json\/wp\/v2\/users\/3"}],"replies":[{"embeddable":true,"href":"https:\/\/www.usosaldana.com.co\/index.php\/wp-json\/wp\/v2\/comments?post=5838"}],"version-history":[{"count":2,"href":"https:\/\/www.usosaldana.com.co\/index.php\/wp-json\/wp\/v2\/pages\/5838\/revisions"}],"predecessor-version":[{"id":5857,"href":"https:\/\/www.usosaldana.com.co\/index.php\/wp-json\/wp\/v2\/pages\/5838\/revisions\/5857"}],"wp:featuredmedia":[{"embeddable":true,"href":"https:\/\/www.usosaldana.com.co\/index.php\/wp-json\/wp\/v2\/media\/5844"}],"wp:attachment":[{"href":"https:\/\/www.usosaldana.com.co\/index.php\/wp-json\/wp\/v2\/media?parent=5838"}],"curies":[{"name":"wp","href":"https:\/\/api.w.org\/{rel}","templated":true}]}}