{"id":7,"date":"2014-06-17T03:33:18","date_gmt":"2014-06-17T03:33:18","guid":{"rendered":"http:\/\/www.usosaldana.com.co\/wordpress\/?page_id=7"},"modified":"2025-04-10T11:17:23","modified_gmt":"2025-04-10T16:17:23","slug":"noticias","status":"publish","type":"page","link":"https:\/\/www.usosaldana.com.co\/index.php\/noticias\/","title":{"rendered":"Noticias"},"content":{"rendered":"<div class=\"pt-cv-wrapper\"><h1 class='pt-cv-heading-container heading4' data-blockid='d0a2c9care'><span class='pt-cv-heading'>  <\/span><\/h1><div class=\"pt-cv-view pt-cv-blockgrid iscvblock iscvhybrid grid1 layout1\" id=\"pt-cv-view-d0a2c9care\"><div data-id=\"pt-cv-page-1\" class=\"pt-cv-page\" data-cvc=\"2\"><div class=\" pt-cv-content-item pt-cv-1-col\" ><div class=\"pt-cv-thumb-wrapper  \"><a href=\"https:\/\/www.usosaldana.com.co\/index.php\/invitacion-publica-subasta-no-002-de-2026\/\" class=\"_self pt-cv-href-thumbnail pt-cv-thumb-default\" target=\"_self\" ><img loading=\"lazy\" decoding=\"async\" width=\"1024\" height=\"390\" src=\"https:\/\/www.usosaldana.com.co\/wp-content\/uploads\/2026\/04\/slider_Subasta002_2026-1024x390.jpg\" class=\"pt-cv-thumbnail no-lazy\" alt=\"\" \/><\/a><\/div>\n<div class=\"pt-cv-taxoterm above_title\"><\/div>\n<h4 class=\"pt-cv-title\"><a href=\"https:\/\/www.usosaldana.com.co\/index.php\/invitacion-publica-subasta-no-002-de-2026\/\" class=\"_self\" target=\"_self\" >Invitaci\u00f3n p\u00fablica subasta No. 002 de 2026<\/a><\/h4>\n<div class=\"pt-cv-content\">USOSALDA\u00d1A se permite convocar a los interesados en participar en la COMPRAVENTA DE SEMBRADORA SEMEATO TDGN 320 + CAMABAJA ...<br \/><div class=\"pt-cv-rmwrap\"><a href=\"https:\/\/www.usosaldana.com.co\/index.php\/invitacion-publica-subasta-no-002-de-2026\/\" class=\"_self pt-cv-readmore btn btn-success\" target=\"_self\">Leer M\u00e1s<\/a><\/div><\/div>\n<div class=\"pt-cv-meta-fields\"><span class=\"entry-date\"> <time datetime=\"2026-04-08T07:48:52-05:00\">8 abril, 2026<\/time><\/span><\/div><\/div>\n<div class=\" pt-cv-content-item pt-cv-1-col\" ><div class=\"pt-cv-thumb-wrapper  \"><a href=\"https:\/\/www.usosaldana.com.co\/index.php\/formato-poder-lxxiv-asamblea-general-ordinaria-del-27-de-marzo-de-2026\/\" class=\"_self pt-cv-href-thumbnail pt-cv-thumb-default\" target=\"_self\" ><img loading=\"lazy\" decoding=\"async\" width=\"1024\" height=\"391\" src=\"https:\/\/www.usosaldana.com.co\/wp-content\/uploads\/2026\/03\/Slider_Poder_LXXIII-1024x391.jpg\" class=\"pt-cv-thumbnail no-lazy\" alt=\"\" \/><\/a><\/div>\n<div class=\"pt-cv-taxoterm above_title\"><\/div>\n<h4 class=\"pt-cv-title\"><a href=\"https:\/\/www.usosaldana.com.co\/index.php\/formato-poder-lxxiv-asamblea-general-ordinaria-del-27-de-marzo-de-2026\/\" class=\"_self\" target=\"_self\" >Formato Poder LXXIV Asamblea General Ordinaria del 27 de marzo de 2026.<\/a><\/h4>\n<div class=\"pt-cv-content\">Formato Poder LXXIV Asamblea General Ordinaria del 27 de marzo de 2026 ...<br \/><div class=\"pt-cv-rmwrap\"><a href=\"https:\/\/www.usosaldana.com.co\/index.php\/formato-poder-lxxiv-asamblea-general-ordinaria-del-27-de-marzo-de-2026\/\" class=\"_self pt-cv-readmore btn btn-success\" target=\"_self\">Leer M\u00e1s<\/a><\/div><\/div>\n<div class=\"pt-cv-meta-fields\"><span class=\"entry-date\"> <time datetime=\"2026-03-16T10:26:07-05:00\">16 marzo, 2026<\/time><\/span><\/div><\/div>\n<div class=\" pt-cv-content-item pt-cv-1-col\" ><div class=\"pt-cv-thumb-wrapper  \"><a href=\"https:\/\/www.usosaldana.com.co\/index.php\/estados-financieros-2025-2\/\" class=\"_self pt-cv-href-thumbnail pt-cv-thumb-default\" target=\"_self\" ><img loading=\"lazy\" decoding=\"async\" width=\"1024\" height=\"391\" src=\"https:\/\/www.usosaldana.com.co\/wp-content\/uploads\/2026\/03\/slider_estadosFinancieros2025-1024x391.jpg\" class=\"pt-cv-thumbnail no-lazy\" alt=\"\" \/><\/a><\/div>\n<div class=\"pt-cv-taxoterm above_title\"><\/div>\n<h4 class=\"pt-cv-title\"><a href=\"https:\/\/www.usosaldana.com.co\/index.php\/estados-financieros-2025-2\/\" class=\"_self\" target=\"_self\" >ESTADOS FINANCIEROS 2025<\/a><\/h4>\n<div class=\"pt-cv-content\">La Gerencia y la Junta Directiva de la Asociaci\u00f3n de Usuarios del Distrito de Adecuaci\u00f3n de Tierras de Gran Escala ...<br \/><div class=\"pt-cv-rmwrap\"><a href=\"https:\/\/www.usosaldana.com.co\/index.php\/estados-financieros-2025-2\/\" class=\"_self pt-cv-readmore btn btn-success\" target=\"_self\">Leer M\u00e1s<\/a><\/div><\/div>\n<div class=\"pt-cv-meta-fields\"><span class=\"entry-date\"> <time datetime=\"2026-03-06T17:43:46-05:00\">6 marzo, 2026<\/time><\/span><\/div><\/div>\n<div class=\" pt-cv-content-item pt-cv-1-col\" ><div class=\"pt-cv-thumb-wrapper  \"><a href=\"https:\/\/www.usosaldana.com.co\/index.php\/convocatoria-lxxiv-asamblea-general-ordinaria\/\" class=\"_self pt-cv-href-thumbnail pt-cv-thumb-default\" target=\"_self\" ><img loading=\"lazy\" decoding=\"async\" width=\"1024\" height=\"576\" src=\"https:\/\/www.usosaldana.com.co\/wp-content\/uploads\/2026\/03\/Slider_Convocatoria_LXXIV_AsambleaOrdinaria-1024x576.jpg\" class=\"pt-cv-thumbnail no-lazy\" alt=\"\" \/><\/a><\/div>\n<div class=\"pt-cv-taxoterm above_title\"><\/div>\n<h4 class=\"pt-cv-title\"><a href=\"https:\/\/www.usosaldana.com.co\/index.php\/convocatoria-lxxiv-asamblea-general-ordinaria\/\" class=\"_self\" target=\"_self\" >Convocatoria LXXIV Asamblea General Ordinaria<\/a><\/h4>\n<div class=\"pt-cv-content\">La junta directiva de Usosalda\u00f1a - convoca a todos los asociados inscritos en el registro general de usuarios a la ...<br \/><div class=\"pt-cv-rmwrap\"><a href=\"https:\/\/www.usosaldana.com.co\/index.php\/convocatoria-lxxiv-asamblea-general-ordinaria\/\" class=\"_self pt-cv-readmore btn btn-success\" target=\"_self\">Leer M\u00e1s<\/a><\/div><\/div>\n<div class=\"pt-cv-meta-fields\"><span class=\"entry-date\"> <time datetime=\"2026-03-04T11:35:26-05:00\">4 marzo, 2026<\/time><\/span><\/div><\/div>\n<div class=\" pt-cv-content-item pt-cv-1-col\" ><div class=\"pt-cv-thumb-wrapper  \"><a href=\"https:\/\/www.usosaldana.com.co\/index.php\/exigencia-y-actualizacion-del-registro-unico-tributario-rut\/\" class=\"_self pt-cv-href-thumbnail pt-cv-thumb-default\" target=\"_self\" ><img loading=\"lazy\" decoding=\"async\" width=\"1024\" height=\"391\" src=\"https:\/\/www.usosaldana.com.co\/wp-content\/uploads\/2026\/02\/Slaider_CircularRUT-1024x391.jpg\" class=\"pt-cv-thumbnail no-lazy\" alt=\"\" \/><\/a><\/div>\n<div class=\"pt-cv-taxoterm above_title\"><\/div>\n<h4 class=\"pt-cv-title\"><a href=\"https:\/\/www.usosaldana.com.co\/index.php\/exigencia-y-actualizacion-del-registro-unico-tributario-rut\/\" class=\"_self\" target=\"_self\" >Exigencia y actualizaci\u00f3n del Registro \u00danico Tributario (RUT)<\/a><\/h4>\n<div class=\"pt-cv-content\">Con el fin de garantizar el cumplimiento de las disposiciones legales vigentes, Usosalda\u00f1a le informa sobre las condiciones para la ...<br \/><div class=\"pt-cv-rmwrap\"><a href=\"https:\/\/www.usosaldana.com.co\/index.php\/exigencia-y-actualizacion-del-registro-unico-tributario-rut\/\" class=\"_self pt-cv-readmore btn btn-success\" target=\"_self\">Leer M\u00e1s<\/a><\/div><\/div>\n<div class=\"pt-cv-meta-fields\"><span class=\"entry-date\"> <time datetime=\"2026-02-24T08:32:35-05:00\">24 febrero, 2026<\/time><\/span><\/div><\/div>\n<div class=\" pt-cv-content-item pt-cv-1-col\" ><div class=\"pt-cv-thumb-wrapper  \"><a href=\"https:\/\/www.usosaldana.com.co\/index.php\/condonacion-intereses-y-sanciones-ilegales\/\" class=\"_self pt-cv-href-thumbnail pt-cv-thumb-default\" target=\"_self\" ><img loading=\"lazy\" decoding=\"async\" width=\"881\" height=\"672\" src=\"https:\/\/www.usosaldana.com.co\/wp-content\/uploads\/2026\/02\/CondonacionInteresesYSanciones.jpeg\" class=\"pt-cv-thumbnail no-lazy\" alt=\"\" \/><\/a><\/div>\n<div class=\"pt-cv-taxoterm above_title\"><\/div>\n<h4 class=\"pt-cv-title\"><a href=\"https:\/\/www.usosaldana.com.co\/index.php\/condonacion-intereses-y-sanciones-ilegales\/\" class=\"_self\" target=\"_self\" >Condonaci\u00f3n intereses y sanciones ilegales<\/a><\/h4>\n<div class=\"pt-cv-content\">Usosalda\u00f1a informa a todos sus asociados que, a partir del 01 de febrero hasta el 31 de mayo de 2026, ...<br \/><div class=\"pt-cv-rmwrap\"><a href=\"https:\/\/www.usosaldana.com.co\/index.php\/condonacion-intereses-y-sanciones-ilegales\/\" class=\"_self pt-cv-readmore btn btn-success\" target=\"_self\">Leer M\u00e1s<\/a><\/div><\/div>\n<div class=\"pt-cv-meta-fields\"><span class=\"entry-date\"> <time datetime=\"2026-02-03T13:26:08-05:00\">3 febrero, 2026<\/time><\/span><\/div><\/div>\n<div class=\" pt-cv-content-item pt-cv-1-col\" ><div class=\"pt-cv-thumb-wrapper  \"><a href=\"https:\/\/www.usosaldana.com.co\/index.php\/formato-poder-lxxiii-asamblea-general-extraordinaria-del-13-de-febrero-de-2026\/\" class=\"_self pt-cv-href-thumbnail pt-cv-thumb-default\" target=\"_self\" ><img loading=\"lazy\" decoding=\"async\" width=\"1024\" height=\"391\" src=\"https:\/\/www.usosaldana.com.co\/wp-content\/uploads\/2026\/02\/Slider_Poder_LXXIII-1024x391.jpg\" class=\"pt-cv-thumbnail no-lazy\" alt=\"\" \/><\/a><\/div>\n<div class=\"pt-cv-taxoterm above_title\"><\/div>\n<h4 class=\"pt-cv-title\"><a href=\"https:\/\/www.usosaldana.com.co\/index.php\/formato-poder-lxxiii-asamblea-general-extraordinaria-del-13-de-febrero-de-2026\/\" class=\"_self\" target=\"_self\" >Formato Poder LXXIII Asamblea General Extraordinaria del 13 de febrero de 2026.<\/a><\/h4>\n<div class=\"pt-cv-content\">Formato Poder LXXIII Asamblea General Extraordinaria del 13 de febrero de 2026 ...<br \/><div class=\"pt-cv-rmwrap\"><a href=\"https:\/\/www.usosaldana.com.co\/index.php\/formato-poder-lxxiii-asamblea-general-extraordinaria-del-13-de-febrero-de-2026\/\" class=\"_self pt-cv-readmore btn btn-success\" target=\"_self\">Leer M\u00e1s<\/a><\/div><\/div>\n<div class=\"pt-cv-meta-fields\"><span class=\"entry-date\"> <time datetime=\"2026-02-02T11:16:49-05:00\">2 febrero, 2026<\/time><\/span><\/div><\/div>\n<div class=\" pt-cv-content-item pt-cv-1-col\" ><div class=\"pt-cv-thumb-wrapper  \"><a href=\"https:\/\/www.usosaldana.com.co\/index.php\/convocatoria-lxxiii-asamblea-general-extraordinaria\/\" class=\"_self pt-cv-href-thumbnail pt-cv-thumb-default\" target=\"_self\" ><img loading=\"lazy\" decoding=\"async\" width=\"1024\" height=\"576\" src=\"https:\/\/www.usosaldana.com.co\/wp-content\/uploads\/2026\/01\/Slider_Convocatoria_LXXIII_AsambleaOrdinaria-1024x576.jpg\" class=\"pt-cv-thumbnail no-lazy\" alt=\"\" \/><\/a><\/div>\n<div class=\"pt-cv-taxoterm above_title\"><\/div>\n<h4 class=\"pt-cv-title\"><a href=\"https:\/\/www.usosaldana.com.co\/index.php\/convocatoria-lxxiii-asamblea-general-extraordinaria\/\" class=\"_self\" target=\"_self\" >Convocatoria LXXIII Asamblea General Extraordinaria<\/a><\/h4>\n<div class=\"pt-cv-content\">La junta directiva de Usosalda\u00f1a - convoca a todos los asociados inscritos en el registro general de usuarios a la ...<br \/><div class=\"pt-cv-rmwrap\"><a href=\"https:\/\/www.usosaldana.com.co\/index.php\/convocatoria-lxxiii-asamblea-general-extraordinaria\/\" class=\"_self pt-cv-readmore btn btn-success\" target=\"_self\">Leer M\u00e1s<\/a><\/div><\/div>\n<div class=\"pt-cv-meta-fields\"><span class=\"entry-date\"> <time datetime=\"2026-01-28T11:41:43-05:00\">28 enero, 2026<\/time><\/span><\/div><\/div>\n<div class=\" pt-cv-content-item pt-cv-1-col\" ><div class=\"pt-cv-thumb-wrapper  \"><a href=\"https:\/\/www.usosaldana.com.co\/index.php\/invitacion-publica-subasta-no-001-de-2026\/\" class=\"_self pt-cv-href-thumbnail pt-cv-thumb-default\" target=\"_self\" ><img loading=\"lazy\" decoding=\"async\" width=\"1024\" height=\"390\" src=\"https:\/\/www.usosaldana.com.co\/wp-content\/uploads\/2026\/01\/Subasta001_2026-1024x390.jpg\" class=\"pt-cv-thumbnail no-lazy\" alt=\"\" \/><\/a><\/div>\n<div class=\"pt-cv-taxoterm above_title\"><\/div>\n<h4 class=\"pt-cv-title\"><a href=\"https:\/\/www.usosaldana.com.co\/index.php\/invitacion-publica-subasta-no-001-de-2026\/\" class=\"_self\" target=\"_self\" >Invitaci\u00f3n P\u00fablica Subasta No. 001 de 2026<\/a><\/h4>\n<div class=\"pt-cv-content\">USOSALDA\u00d1A se permite convocar a los interesados en participar en la COMPRAVENTA DE MAQUINARIA AGRICOLA PROPIEDAD DE LA ASOCIACI\u00d3N, con ...<br \/><div class=\"pt-cv-rmwrap\"><a href=\"https:\/\/www.usosaldana.com.co\/index.php\/invitacion-publica-subasta-no-001-de-2026\/\" class=\"_self pt-cv-readmore btn btn-success\" target=\"_self\">Leer M\u00e1s<\/a><\/div><\/div>\n<div class=\"pt-cv-meta-fields\"><span class=\"entry-date\"> <time datetime=\"2026-01-06T17:03:05-05:00\">6 enero, 2026<\/time><\/span><\/div><\/div>\n<div class=\" pt-cv-content-item pt-cv-1-col\" ><div class=\"pt-cv-thumb-wrapper  \"><a href=\"https:\/\/www.usosaldana.com.co\/index.php\/repoblamiento-de-alevinos-en-el-rio-saldana\/\" class=\"_self pt-cv-href-thumbnail pt-cv-thumb-default\" target=\"_self\" ><img loading=\"lazy\" decoding=\"async\" width=\"768\" height=\"1024\" src=\"https:\/\/www.usosaldana.com.co\/wp-content\/uploads\/2025\/12\/5-768x1024.jpeg\" class=\"pt-cv-thumbnail no-lazy\" alt=\"\" \/><\/a><\/div>\n<div class=\"pt-cv-taxoterm above_title\"><\/div>\n<h4 class=\"pt-cv-title\"><a href=\"https:\/\/www.usosaldana.com.co\/index.php\/repoblamiento-de-alevinos-en-el-rio-saldana\/\" class=\"_self\" target=\"_self\" >REPOBLAMIENTO DE ALEVINOS EN EL R\u00cdO SALDA\u00d1A<\/a><\/h4>\n<div class=\"pt-cv-content\">Desde la bocatoma del Distrito de Riego USOSALDA\u00d1A, realizamos una importante jornada de liberaci\u00f3n de 50.000 alevinos de la especie ...<br \/><div class=\"pt-cv-rmwrap\"><a href=\"https:\/\/www.usosaldana.com.co\/index.php\/repoblamiento-de-alevinos-en-el-rio-saldana\/\" class=\"_self pt-cv-readmore btn btn-success\" target=\"_self\">Leer M\u00e1s<\/a><\/div><\/div>\n<div class=\"pt-cv-meta-fields\"><span class=\"entry-date\"> <time datetime=\"2025-12-18T10:04:34-05:00\">18 diciembre, 2025<\/time><\/span><\/div><\/div>\n<div class=\" pt-cv-content-item pt-cv-1-col\" ><div class=\"pt-cv-thumb-wrapper  \"><a href=\"https:\/\/www.usosaldana.com.co\/index.php\/convocatoria-lider-administrativo-2025\/\" class=\"_self pt-cv-href-thumbnail pt-cv-thumb-default\" target=\"_self\" ><img loading=\"lazy\" decoding=\"async\" width=\"1024\" height=\"576\" src=\"https:\/\/www.usosaldana.com.co\/wp-content\/uploads\/2025\/12\/Slider_ConvocatoriaLiderAdministrativo-1024x576.jpg\" class=\"pt-cv-thumbnail no-lazy\" alt=\"\" \/><\/a><\/div>\n<div class=\"pt-cv-taxoterm above_title\"><\/div>\n<h4 class=\"pt-cv-title\"><a href=\"https:\/\/www.usosaldana.com.co\/index.php\/convocatoria-lider-administrativo-2025\/\" class=\"_self\" target=\"_self\" >Convocatoria L\u00edder Administrativo &#8211; 2025<\/a><\/h4>\n<div class=\"pt-cv-content\">Convocatoria para proveer el cargo de l\u00edder administrativo de Usosalda\u00f1a. Se tendr\u00e1n en cuenta las hojas de vida que sean ...<br \/><div class=\"pt-cv-rmwrap\"><a href=\"https:\/\/www.usosaldana.com.co\/index.php\/convocatoria-lider-administrativo-2025\/\" class=\"_self pt-cv-readmore btn btn-success\" target=\"_self\">Leer M\u00e1s<\/a><\/div><\/div>\n<div class=\"pt-cv-meta-fields\"><span class=\"entry-date\"> <time datetime=\"2025-12-01T09:56:18-05:00\">1 diciembre, 2025<\/time><\/span><\/div><\/div>\n<div class=\" pt-cv-content-item pt-cv-1-col\" ><div class=\"pt-cv-thumb-wrapper  \"><a href=\"https:\/\/www.usosaldana.com.co\/index.php\/formato-costos-de-produccion-cultivo-arroz\/\" class=\"_self pt-cv-href-thumbnail pt-cv-thumb-default\" target=\"_self\" ><img decoding=\"async\" src=\"https:\/\/www.usosaldana.com.co\/wp-content\/plugins\/content-views-query-and-display-post-page\/public\/assets\/images\/default_image.png\" class=\"pt-cv-thumbnail cv-default-img\" alt=\"Formato FEDEARROZ Costos de Producci\u00f3n Cultivo - Arroz\" title=\"\" \/><\/a><\/div>\n<div class=\"pt-cv-taxoterm above_title\"><\/div>\n<h4 class=\"pt-cv-title\"><a href=\"https:\/\/www.usosaldana.com.co\/index.php\/formato-costos-de-produccion-cultivo-arroz\/\" class=\"_self\" target=\"_self\" >Formato FEDEARROZ Costos de Producci\u00f3n Cultivo &#8211; Arroz<\/a><\/h4>\n<div class=\"pt-cv-content\">Gestiona y registra de manera adecuada los costos de producci\u00f3n de los cultivos de arroz ...<br \/><div class=\"pt-cv-rmwrap\"><a href=\"https:\/\/www.usosaldana.com.co\/index.php\/formato-costos-de-produccion-cultivo-arroz\/\" class=\"_self pt-cv-readmore btn btn-success\" target=\"_self\">Leer M\u00e1s<\/a><\/div><\/div>\n<div class=\"pt-cv-meta-fields\"><span class=\"entry-date\"> <time datetime=\"2025-11-12T11:56:26-05:00\">12 noviembre, 2025<\/time><\/span><\/div><\/div>\n<div class=\" pt-cv-content-item pt-cv-1-col\" ><div class=\"pt-cv-thumb-wrapper  \"><a href=\"https:\/\/www.usosaldana.com.co\/index.php\/invitacion-publica-subasta-no-006-de-2025-2\/\" class=\"_self pt-cv-href-thumbnail pt-cv-thumb-default\" target=\"_self\" ><img loading=\"lazy\" decoding=\"async\" width=\"1024\" height=\"390\" src=\"https:\/\/www.usosaldana.com.co\/wp-content\/uploads\/2025\/10\/Subasta006_2025-1024x390.jpg\" class=\"pt-cv-thumbnail no-lazy\" alt=\"\" \/><\/a><\/div>\n<div class=\"pt-cv-taxoterm above_title\"><\/div>\n<h4 class=\"pt-cv-title\"><a href=\"https:\/\/www.usosaldana.com.co\/index.php\/invitacion-publica-subasta-no-006-de-2025-2\/\" class=\"_self\" target=\"_self\" >Invitaci\u00f3n P\u00fablica Subasta No. 006 de 2025<\/a><\/h4>\n<div class=\"pt-cv-content\">USOSALDA\u00d1A se permite convocar a los interesados en participar en la COMPRAVENTA DE SEMBRADORA SEMEATO TDGN 320 + CAMABAJA ...<br \/><div class=\"pt-cv-rmwrap\"><a href=\"https:\/\/www.usosaldana.com.co\/index.php\/invitacion-publica-subasta-no-006-de-2025-2\/\" class=\"_self pt-cv-readmore btn btn-success\" target=\"_self\">Leer M\u00e1s<\/a><\/div><\/div>\n<div class=\"pt-cv-meta-fields\"><span class=\"entry-date\"> <time datetime=\"2025-10-30T21:00:25-05:00\">30 octubre, 2025<\/time><\/span><\/div><\/div>\n<div class=\" pt-cv-content-item pt-cv-1-col\" ><div class=\"pt-cv-thumb-wrapper  \"><a href=\"https:\/\/www.usosaldana.com.co\/index.php\/ampliacion-apoyo-arrocero\/\" class=\"_self pt-cv-href-thumbnail pt-cv-thumb-default\" target=\"_self\" ><img loading=\"lazy\" decoding=\"async\" width=\"725\" height=\"1024\" src=\"https:\/\/www.usosaldana.com.co\/wp-content\/uploads\/2025\/10\/AmpliacionPlazoIncentivoArrocero-2-725x1024.jpg\" class=\"pt-cv-thumbnail no-lazy\" alt=\"\" \/><\/a><\/div>\n<div class=\"pt-cv-taxoterm above_title\"><\/div>\n<h4 class=\"pt-cv-title\"><a href=\"https:\/\/www.usosaldana.com.co\/index.php\/ampliacion-apoyo-arrocero\/\" class=\"_self\" target=\"_self\" >Ampliaci\u00f3n Apoyo Arrocero.<\/a><\/h4>\n<div class=\"pt-cv-content\">Instructivo t\u00e9cnico apoyo directo arroz. Resoluci\u00f3n N.000347 de 2025 ...<br \/><div class=\"pt-cv-rmwrap\"><a href=\"https:\/\/www.usosaldana.com.co\/index.php\/ampliacion-apoyo-arrocero\/\" class=\"_self pt-cv-readmore btn btn-success\" target=\"_self\">Leer M\u00e1s<\/a><\/div><\/div>\n<div class=\"pt-cv-meta-fields\"><span class=\"entry-date\"> <time datetime=\"2025-10-21T09:15:56-05:00\">21 octubre, 2025<\/time><\/span><\/div><\/div>\n<div class=\" pt-cv-content-item pt-cv-1-col\" ><div class=\"pt-cv-thumb-wrapper  \"><a href=\"https:\/\/www.usosaldana.com.co\/index.php\/subasta-005-2025\/\" class=\"_self pt-cv-href-thumbnail pt-cv-thumb-default\" target=\"_self\" ><img loading=\"lazy\" decoding=\"async\" width=\"724\" height=\"1024\" src=\"https:\/\/www.usosaldana.com.co\/wp-content\/uploads\/2025\/09\/slider-724x1024.jpeg\" class=\"pt-cv-thumbnail no-lazy\" alt=\"\" \/><\/a><\/div>\n<div class=\"pt-cv-taxoterm above_title\"><\/div>\n<h4 class=\"pt-cv-title\"><a href=\"https:\/\/www.usosaldana.com.co\/index.php\/subasta-005-2025\/\" class=\"_self\" target=\"_self\" >INVITACI\u00d3N P\u00daBLICA SUBASTA No. 005 DE 2025<\/a><\/h4>\n<div class=\"pt-cv-content\">USOSALDA\u00d1A se permite convocar a los interesados en participar en la COMPRAVENTA DE SEMBRADORA SEMEATO TDGN 320 + CAMABAJA ...<br \/><div class=\"pt-cv-rmwrap\"><a href=\"https:\/\/www.usosaldana.com.co\/index.php\/subasta-005-2025\/\" class=\"_self pt-cv-readmore btn btn-success\" target=\"_self\">Leer M\u00e1s<\/a><\/div><\/div>\n<div class=\"pt-cv-meta-fields\"><span class=\"entry-date\"> <time datetime=\"2025-09-12T07:46:25-05:00\">12 septiembre, 2025<\/time><\/span><\/div><\/div>\n<div class=\" pt-cv-content-item pt-cv-1-col\" ><div class=\"pt-cv-thumb-wrapper  \"><a href=\"https:\/\/www.usosaldana.com.co\/index.php\/otras-noticias-2\/\" class=\"_self pt-cv-href-thumbnail pt-cv-thumb-default\" target=\"_self\" ><img loading=\"lazy\" decoding=\"async\" width=\"1024\" height=\"768\" src=\"https:\/\/www.usosaldana.com.co\/wp-content\/uploads\/2018\/08\/DSCN6757-min-1024x768.jpg\" class=\"pt-cv-thumbnail no-lazy\" alt=\"\" \/><\/a><\/div>\n<div class=\"pt-cv-taxoterm above_title\"><\/div>\n<h4 class=\"pt-cv-title\"><a href=\"https:\/\/www.usosaldana.com.co\/index.php\/otras-noticias-2\/\" class=\"_self\" target=\"_self\" >Otras Noticias<\/a><\/h4>\n<div class=\"pt-cv-content\"> ...<br \/><div class=\"pt-cv-rmwrap\"><a href=\"https:\/\/www.usosaldana.com.co\/index.php\/otras-noticias-2\/\" class=\"_self pt-cv-readmore btn btn-success\" target=\"_self\">Leer M\u00e1s<\/a><\/div><\/div>\n<div class=\"pt-cv-meta-fields\"><span class=\"entry-date\"> <time datetime=\"2025-09-11T08:40:22-05:00\">11 septiembre, 2025<\/time><\/span><\/div><\/div>\n<div class=\" pt-cv-content-item pt-cv-1-col\" ><div class=\"pt-cv-thumb-wrapper  \"><a href=\"https:\/\/www.usosaldana.com.co\/index.php\/circular-informativa-exigencia-y-actualizacion-del-registro-unico-tributario-rut\/\" class=\"_self pt-cv-href-thumbnail pt-cv-thumb-default\" target=\"_self\" ><img loading=\"lazy\" decoding=\"async\" width=\"1024\" height=\"391\" src=\"https:\/\/www.usosaldana.com.co\/wp-content\/uploads\/2025\/08\/Slaider_CircularRUT-1024x391.jpg\" class=\"pt-cv-thumbnail no-lazy\" alt=\"\" \/><\/a><\/div>\n<div class=\"pt-cv-taxoterm above_title\"><\/div>\n<h4 class=\"pt-cv-title\"><a href=\"https:\/\/www.usosaldana.com.co\/index.php\/circular-informativa-exigencia-y-actualizacion-del-registro-unico-tributario-rut\/\" class=\"_self\" target=\"_self\" >CIRCULAR INFORMATIVA Exigencia y actualizaci\u00f3n del Registro \u00danico Tributario (RUT)<\/a><\/h4>\n<div class=\"pt-cv-content\">CIRCULAR INFORMATIVA Exigencia y actualizaci\u00f3n del Registro \u00danico Tributario (RUT) Con el fin de garantizar el cumplimiento de las disposiciones ...<br \/><div class=\"pt-cv-rmwrap\"><a href=\"https:\/\/www.usosaldana.com.co\/index.php\/circular-informativa-exigencia-y-actualizacion-del-registro-unico-tributario-rut\/\" class=\"_self pt-cv-readmore btn btn-success\" target=\"_self\">Leer M\u00e1s<\/a><\/div><\/div>\n<div class=\"pt-cv-meta-fields\"><span class=\"entry-date\"> <time datetime=\"2025-08-05T16:58:34-05:00\">5 agosto, 2025<\/time><\/span><\/div><\/div>\n<div class=\" pt-cv-content-item pt-cv-1-col\" ><div class=\"pt-cv-thumb-wrapper  \"><a href=\"https:\/\/www.usosaldana.com.co\/index.php\/circular-informativa-2\/\" class=\"_self pt-cv-href-thumbnail pt-cv-thumb-default\" target=\"_self\" ><img loading=\"lazy\" decoding=\"async\" width=\"1024\" height=\"391\" src=\"https:\/\/www.usosaldana.com.co\/wp-content\/uploads\/2025\/08\/Slaider_CircularInformativaOperacion-1024x391.jpg\" class=\"pt-cv-thumbnail no-lazy\" alt=\"\" \/><\/a><\/div>\n<div class=\"pt-cv-taxoterm above_title\"><\/div>\n<h4 class=\"pt-cv-title\"><a href=\"https:\/\/www.usosaldana.com.co\/index.php\/circular-informativa-2\/\" class=\"_self\" target=\"_self\" >Circular Informativa<\/a><\/h4>\n<div class=\"pt-cv-content\">Circular Informativa, los d\u00edas 11 y 12 de agosto de 2025 se realizar\u00e1 suspensi\u00f3n temporal del servicio de riego en ...<br \/><div class=\"pt-cv-rmwrap\"><a href=\"https:\/\/www.usosaldana.com.co\/index.php\/circular-informativa-2\/\" class=\"_self pt-cv-readmore btn btn-success\" target=\"_self\">Leer M\u00e1s<\/a><\/div><\/div>\n<div class=\"pt-cv-meta-fields\"><span class=\"entry-date\"> <time datetime=\"2025-08-01T11:44:03-05:00\">1 agosto, 2025<\/time><\/span><\/div><\/div>\n<div class=\" pt-cv-content-item pt-cv-1-col\" ><div class=\"pt-cv-thumb-wrapper  \"><a href=\"https:\/\/www.usosaldana.com.co\/index.php\/acta-de-acuerdos-paro-arrocero\/\" class=\"_self pt-cv-href-thumbnail pt-cv-thumb-default\" target=\"_self\" ><img loading=\"lazy\" decoding=\"async\" width=\"1024\" height=\"391\" src=\"https:\/\/www.usosaldana.com.co\/wp-content\/uploads\/2025\/07\/SlaiderAcuerdoParoArrocero-1024x391.jpg\" class=\"pt-cv-thumbnail no-lazy\" alt=\"\" \/><\/a><\/div>\n<div class=\"pt-cv-taxoterm above_title\"><\/div>\n<h4 class=\"pt-cv-title\"><a href=\"https:\/\/www.usosaldana.com.co\/index.php\/acta-de-acuerdos-paro-arrocero\/\" class=\"_self\" target=\"_self\" >ACTA DE ACUERDOS PARO ARROCERO<\/a><\/h4>\n<div class=\"pt-cv-content\">El comit\u00e9 nacional del paro arrocero y el Gobierno Nacional han alcanzado una serie de acuerdos ...<br \/><div class=\"pt-cv-rmwrap\"><a href=\"https:\/\/www.usosaldana.com.co\/index.php\/acta-de-acuerdos-paro-arrocero\/\" class=\"_self pt-cv-readmore btn btn-success\" target=\"_self\">Leer M\u00e1s<\/a><\/div><\/div>\n<div class=\"pt-cv-meta-fields\"><span class=\"entry-date\"> <time datetime=\"2025-07-25T14:28:40-05:00\">25 julio, 2025<\/time><\/span><\/div><\/div>\n<div class=\" pt-cv-content-item pt-cv-1-col\" ><div class=\"pt-cv-thumb-wrapper  \"><a href=\"https:\/\/www.usosaldana.com.co\/index.php\/circular-informativa-11-de-julio-de-2025\/\" class=\"_self pt-cv-href-thumbnail pt-cv-thumb-default\" target=\"_self\" ><img loading=\"lazy\" decoding=\"async\" width=\"1024\" height=\"391\" src=\"https:\/\/www.usosaldana.com.co\/wp-content\/uploads\/2025\/07\/Slaider_CircularInformativa-1024x391.jpg\" class=\"pt-cv-thumbnail no-lazy\" alt=\"\" \/><\/a><\/div>\n<div class=\"pt-cv-taxoterm above_title\"><\/div>\n<h4 class=\"pt-cv-title\"><a href=\"https:\/\/www.usosaldana.com.co\/index.php\/circular-informativa-11-de-julio-de-2025\/\" class=\"_self\" target=\"_self\" >Circular Informativa 11 de Julio de 2025<\/a><\/h4>\n<div class=\"pt-cv-content\">Consulta el estado de cuenta de cartera antes de realizar transacciones de compraventa de predios ...<br \/><div class=\"pt-cv-rmwrap\"><a href=\"https:\/\/www.usosaldana.com.co\/index.php\/circular-informativa-11-de-julio-de-2025\/\" class=\"_self pt-cv-readmore btn btn-success\" target=\"_self\">Leer M\u00e1s<\/a><\/div><\/div>\n<div class=\"pt-cv-meta-fields\"><span class=\"entry-date\"> <time datetime=\"2025-07-11T14:11:56-05:00\">11 julio, 2025<\/time><\/span><\/div><\/div>\n<div class=\" pt-cv-content-item pt-cv-1-col\" ><div class=\"pt-cv-thumb-wrapper  \"><a href=\"https:\/\/www.usosaldana.com.co\/index.php\/segundo-listado-de-usuarios-bmc\/\" class=\"_self pt-cv-href-thumbnail pt-cv-thumb-default\" target=\"_self\" ><img loading=\"lazy\" decoding=\"async\" width=\"1024\" height=\"391\" src=\"https:\/\/www.usosaldana.com.co\/wp-content\/uploads\/2025\/07\/Slaider_BMC-1024x391.jpg\" class=\"pt-cv-thumbnail no-lazy\" alt=\"\" \/><\/a><\/div>\n<div class=\"pt-cv-taxoterm above_title\"><\/div>\n<h4 class=\"pt-cv-title\"><a href=\"https:\/\/www.usosaldana.com.co\/index.php\/segundo-listado-de-usuarios-bmc\/\" class=\"_self\" target=\"_self\" >Segundo Listado de Usuarios BMC<\/a><\/h4>\n<div class=\"pt-cv-content\">Segundo listado de usuarios que figuran dentro de la publicaci\u00f3n realizada por la Bolsa Mercantil de Colombia - BMC y ...<br \/><div class=\"pt-cv-rmwrap\"><a href=\"https:\/\/www.usosaldana.com.co\/index.php\/segundo-listado-de-usuarios-bmc\/\" class=\"_self pt-cv-readmore btn btn-success\" target=\"_self\">Leer M\u00e1s<\/a><\/div><\/div>\n<div class=\"pt-cv-meta-fields\"><span class=\"entry-date\"> <time datetime=\"2025-07-10T15:22:24-05:00\">10 julio, 2025<\/time><\/span><\/div><\/div>\n<div class=\" pt-cv-content-item pt-cv-1-col\" ><div class=\"pt-cv-thumb-wrapper  \"><a href=\"https:\/\/www.usosaldana.com.co\/index.php\/circular-externa-horario-de-atencion-04-de-julio-de-2025\/\" class=\"_self pt-cv-href-thumbnail pt-cv-thumb-default\" target=\"_self\" ><img loading=\"lazy\" decoding=\"async\" width=\"1024\" height=\"391\" src=\"https:\/\/www.usosaldana.com.co\/wp-content\/uploads\/2025\/07\/Slider_CircularExterna-1024x391.jpg\" class=\"pt-cv-thumbnail no-lazy\" alt=\"\" \/><\/a><\/div>\n<div class=\"pt-cv-taxoterm above_title\"><\/div>\n<h4 class=\"pt-cv-title\"><a href=\"https:\/\/www.usosaldana.com.co\/index.php\/circular-externa-horario-de-atencion-04-de-julio-de-2025\/\" class=\"_self\" target=\"_self\" >Circular Externa Horario de Atenci\u00f3n 04 de Julio de 2025<\/a><\/h4>\n<div class=\"pt-cv-content\">Se informa a todos los usuarios de la asociaci\u00f3n el horario de atenci\u00f3n al p\u00fablico el pr\u00f3ximo viernes 04 de ...<br \/><div class=\"pt-cv-rmwrap\"><a href=\"https:\/\/www.usosaldana.com.co\/index.php\/circular-externa-horario-de-atencion-04-de-julio-de-2025\/\" class=\"_self pt-cv-readmore btn btn-success\" target=\"_self\">Leer M\u00e1s<\/a><\/div><\/div>\n<div class=\"pt-cv-meta-fields\"><span class=\"entry-date\"> <time datetime=\"2025-07-02T10:18:00-05:00\">2 julio, 2025<\/time><\/span><\/div><\/div>\n<div class=\" pt-cv-content-item pt-cv-1-col\" ><div class=\"pt-cv-thumb-wrapper  \"><a href=\"https:\/\/www.usosaldana.com.co\/index.php\/desayuno-san-juan\/\" class=\"_self pt-cv-href-thumbnail pt-cv-thumb-default\" target=\"_self\" ><img loading=\"lazy\" decoding=\"async\" width=\"1024\" height=\"576\" src=\"https:\/\/www.usosaldana.com.co\/wp-content\/uploads\/2025\/06\/Slaider_SanJuan-1024x576.jpg\" class=\"pt-cv-thumbnail no-lazy\" alt=\"\" \/><\/a><\/div>\n<div class=\"pt-cv-taxoterm above_title\"><\/div>\n<h4 class=\"pt-cv-title\"><a href=\"https:\/\/www.usosaldana.com.co\/index.php\/desayuno-san-juan\/\" class=\"_self\" target=\"_self\" >Desayuno San Juan<\/a><\/h4>\n<div class=\"pt-cv-content\">Desde Usosalda\u00f1a compartimos un desayuno de integraci\u00f3n junto con el equipo de trabajo, con el fin de resaltar nuestras tradiciones ...<br \/><div class=\"pt-cv-rmwrap\"><a href=\"https:\/\/www.usosaldana.com.co\/index.php\/desayuno-san-juan\/\" class=\"_self pt-cv-readmore btn btn-success\" target=\"_self\">Leer M\u00e1s<\/a><\/div><\/div>\n<div class=\"pt-cv-meta-fields\"><span class=\"entry-date\"> <time datetime=\"2025-06-24T21:27:19-05:00\">24 junio, 2025<\/time><\/span><\/div><\/div>\n<div class=\" pt-cv-content-item pt-cv-1-col\" ><div class=\"pt-cv-thumb-wrapper  \"><a href=\"https:\/\/www.usosaldana.com.co\/index.php\/socializacion-proyecto-adr-fonat\/\" class=\"_self pt-cv-href-thumbnail pt-cv-thumb-default\" target=\"_self\" ><img loading=\"lazy\" decoding=\"async\" width=\"1024\" height=\"576\" src=\"https:\/\/www.usosaldana.com.co\/wp-content\/uploads\/2025\/06\/Slider_Socializacion_FONAT-1024x576.jpg\" class=\"pt-cv-thumbnail no-lazy\" alt=\"\" \/><\/a><\/div>\n<div class=\"pt-cv-taxoterm above_title\"><\/div>\n<h4 class=\"pt-cv-title\"><a href=\"https:\/\/www.usosaldana.com.co\/index.php\/socializacion-proyecto-adr-fonat\/\" class=\"_self\" target=\"_self\" >Socializaci\u00f3n proyecto ADR FONAT<\/a><\/h4>\n<div class=\"pt-cv-content\"> ...<br \/><div class=\"pt-cv-rmwrap\"><a href=\"https:\/\/www.usosaldana.com.co\/index.php\/socializacion-proyecto-adr-fonat\/\" class=\"_self pt-cv-readmore btn btn-success\" target=\"_self\">Leer M\u00e1s<\/a><\/div><\/div>\n<div class=\"pt-cv-meta-fields\"><span class=\"entry-date\"> <time datetime=\"2025-06-19T11:32:45-05:00\">19 junio, 2025<\/time><\/span><\/div><\/div>\n<div class=\" pt-cv-content-item pt-cv-1-col\" ><div class=\"pt-cv-thumb-wrapper  \"><a href=\"https:\/\/www.usosaldana.com.co\/index.php\/auditor-externo\/\" class=\"_self pt-cv-href-thumbnail pt-cv-thumb-default\" target=\"_self\" ><img loading=\"lazy\" decoding=\"async\" width=\"1024\" height=\"532\" src=\"https:\/\/www.usosaldana.com.co\/wp-content\/uploads\/2025\/06\/WhatsApp-Image-2025-06-16-at-3.20.31-PM-1024x532.jpeg\" class=\"pt-cv-thumbnail no-lazy\" alt=\"\" \/><\/a><\/div>\n<div class=\"pt-cv-taxoterm above_title\"><\/div>\n<h4 class=\"pt-cv-title\"><a href=\"https:\/\/www.usosaldana.com.co\/index.php\/auditor-externo\/\" class=\"_self\" target=\"_self\" >Auditor Externo<\/a><\/h4>\n<div class=\"pt-cv-content\"> ...<br \/><div class=\"pt-cv-rmwrap\"><a href=\"https:\/\/www.usosaldana.com.co\/index.php\/auditor-externo\/\" class=\"_self pt-cv-readmore btn btn-success\" target=\"_self\">Leer M\u00e1s<\/a><\/div><\/div>\n<div class=\"pt-cv-meta-fields\"><span class=\"entry-date\"> <time datetime=\"2025-06-16T22:13:15-05:00\">16 junio, 2025<\/time><\/span><\/div><\/div>\n<div class=\" pt-cv-content-item pt-cv-1-col\" ><div class=\"pt-cv-thumb-wrapper  \"><a href=\"https:\/\/www.usosaldana.com.co\/index.php\/usosaldana-respaldo-a-los-usuarios-beneficiados-por-la-bolsa-mercantil-de-colombia-bmc-y-el-ministerio-de-agricultura-y-desarrollo-rural\/\" class=\"_self pt-cv-href-thumbnail pt-cv-thumb-default\" target=\"_self\" ><img loading=\"lazy\" decoding=\"async\" width=\"1024\" height=\"768\" src=\"https:\/\/www.usosaldana.com.co\/wp-content\/uploads\/2025\/06\/WhatsApp-Image-2025-06-16-at-3.20.04-PM-1024x768.jpeg\" class=\"pt-cv-thumbnail no-lazy\" alt=\"\" \/><\/a><\/div>\n<div class=\"pt-cv-taxoterm above_title\"><\/div>\n<h4 class=\"pt-cv-title\"><a href=\"https:\/\/www.usosaldana.com.co\/index.php\/usosaldana-respaldo-a-los-usuarios-beneficiados-por-la-bolsa-mercantil-de-colombia-bmc-y-el-ministerio-de-agricultura-y-desarrollo-rural\/\" class=\"_self\" target=\"_self\" >Usosalda\u00f1a respaldo a los usuarios beneficiados por la Bolsa Mercantil de Colombia (BMC) y el Ministerio de Agricultura y Desarrollo Rural<\/a><\/h4>\n<div class=\"pt-cv-content\">Usosalda\u00f1a, comprometida con el sector arrocero, brinda respaldo a los usuarios beneficiados por la Bolsa Mercantil de Colombia (BMC) y ...<br \/><div class=\"pt-cv-rmwrap\"><a href=\"https:\/\/www.usosaldana.com.co\/index.php\/usosaldana-respaldo-a-los-usuarios-beneficiados-por-la-bolsa-mercantil-de-colombia-bmc-y-el-ministerio-de-agricultura-y-desarrollo-rural\/\" class=\"_self pt-cv-readmore btn btn-success\" target=\"_self\">Leer M\u00e1s<\/a><\/div><\/div>\n<div class=\"pt-cv-meta-fields\"><span class=\"entry-date\"> <time datetime=\"2025-06-16T22:04:41-05:00\">16 junio, 2025<\/time><\/span><\/div><\/div>\n<div class=\" pt-cv-content-item pt-cv-1-col\" ><div class=\"pt-cv-thumb-wrapper  \"><a href=\"https:\/\/www.usosaldana.com.co\/index.php\/reunion-con-madr-para-aclaracion-de-usuarios-no-priorizados\/\" class=\"_self pt-cv-href-thumbnail pt-cv-thumb-default\" target=\"_self\" ><img loading=\"lazy\" decoding=\"async\" width=\"1024\" height=\"391\" src=\"https:\/\/www.usosaldana.com.co\/wp-content\/uploads\/2025\/06\/Slider_Reunion-MADR-1024x391.jpg\" class=\"pt-cv-thumbnail no-lazy\" alt=\"\" \/><\/a><\/div>\n<div class=\"pt-cv-taxoterm above_title\"><\/div>\n<h4 class=\"pt-cv-title\"><a href=\"https:\/\/www.usosaldana.com.co\/index.php\/reunion-con-madr-para-aclaracion-de-usuarios-no-priorizados\/\" class=\"_self\" target=\"_self\" >Reuni\u00f3n con MADR para aclaraci\u00f3n de usuarios no priorizados<\/a><\/h4>\n<div class=\"pt-cv-content\">Reuni\u00f3n con MADR para aclaraci\u00f3n de usuarios no priorizados en el apoyo a la comercializaci\u00f3n de arroz paddy verde semestre ...<br \/><div class=\"pt-cv-rmwrap\"><a href=\"https:\/\/www.usosaldana.com.co\/index.php\/reunion-con-madr-para-aclaracion-de-usuarios-no-priorizados\/\" class=\"_self pt-cv-readmore btn btn-success\" target=\"_self\">Leer M\u00e1s<\/a><\/div><\/div>\n<div class=\"pt-cv-meta-fields\"><span class=\"entry-date\"> <time datetime=\"2025-06-16T07:47:52-05:00\">16 junio, 2025<\/time><\/span><\/div><\/div>\n<div class=\" pt-cv-content-item pt-cv-1-col\" ><div class=\"pt-cv-thumb-wrapper  \"><a href=\"https:\/\/www.usosaldana.com.co\/index.php\/propuestas-para-la-elaboracion-del-plan-estrategico-usosaldana-2025-2029\/\" class=\"_self pt-cv-href-thumbnail pt-cv-thumb-default\" target=\"_self\" ><img loading=\"lazy\" decoding=\"async\" width=\"1024\" height=\"391\" src=\"https:\/\/www.usosaldana.com.co\/wp-content\/uploads\/2025\/06\/Slider_PropuestasPlanEstrategico-1024x391.jpg\" class=\"pt-cv-thumbnail no-lazy\" alt=\"\" \/><\/a><\/div>\n<div class=\"pt-cv-taxoterm above_title\"><\/div>\n<h4 class=\"pt-cv-title\"><a href=\"https:\/\/www.usosaldana.com.co\/index.php\/propuestas-para-la-elaboracion-del-plan-estrategico-usosaldana-2025-2029\/\" class=\"_self\" target=\"_self\" >Propuestas para la elaboraci\u00f3n del Plan Estrat\u00e9gico USOSALDA\u00d1A 2025\u20132029<\/a><\/h4>\n<div class=\"pt-cv-content\">La Gerencia y la Junta Directiva de USOSALDA\u00d1A se re\u00fanen hoy con representantes del sector acad\u00e9mico y empresarial, con el ...<br \/><div class=\"pt-cv-rmwrap\"><a href=\"https:\/\/www.usosaldana.com.co\/index.php\/propuestas-para-la-elaboracion-del-plan-estrategico-usosaldana-2025-2029\/\" class=\"_self pt-cv-readmore btn btn-success\" target=\"_self\">Leer M\u00e1s<\/a><\/div><\/div>\n<div class=\"pt-cv-meta-fields\"><span class=\"entry-date\"> <time datetime=\"2025-06-11T11:31:14-05:00\">11 junio, 2025<\/time><\/span><\/div><\/div>\n<div class=\" pt-cv-content-item pt-cv-1-col\" ><div class=\"pt-cv-thumb-wrapper  \"><a href=\"https:\/\/www.usosaldana.com.co\/index.php\/listado-de-productores-bolsa-mercantil\/\" class=\"_self pt-cv-href-thumbnail pt-cv-thumb-default\" target=\"_self\" ><img loading=\"lazy\" decoding=\"async\" width=\"1024\" height=\"390\" src=\"https:\/\/www.usosaldana.com.co\/wp-content\/uploads\/2025\/06\/BMC-1024x390.jpg\" class=\"pt-cv-thumbnail no-lazy\" alt=\"\" \/><\/a><\/div>\n<div class=\"pt-cv-taxoterm above_title\"><\/div>\n<h4 class=\"pt-cv-title\"><a href=\"https:\/\/www.usosaldana.com.co\/index.php\/listado-de-productores-bolsa-mercantil\/\" class=\"_self\" target=\"_self\" >Listado de productores bolsa Mercantil<\/a><\/h4>\n<div class=\"pt-cv-content\">Usosalda\u00f1a realizo la reclamaci\u00f3n mediante oficio fechado el 7 de junio de 2025 al ministerio de agricultura y bolsa mercantil ...<br \/><div class=\"pt-cv-rmwrap\"><a href=\"https:\/\/www.usosaldana.com.co\/index.php\/listado-de-productores-bolsa-mercantil\/\" class=\"_self pt-cv-readmore btn btn-success\" target=\"_self\">Leer M\u00e1s<\/a><\/div><\/div>\n<div class=\"pt-cv-meta-fields\"><span class=\"entry-date\"> <time datetime=\"2025-06-10T09:58:47-05:00\">10 junio, 2025<\/time><\/span><\/div><\/div>\n<div class=\" pt-cv-content-item pt-cv-1-col\" ><div class=\"pt-cv-thumb-wrapper  \"><a href=\"https:\/\/www.usosaldana.com.co\/index.php\/invitacion-publica-no-004-de-2025\/\" class=\"_self pt-cv-href-thumbnail pt-cv-thumb-default\" target=\"_self\" ><img loading=\"lazy\" decoding=\"async\" width=\"1024\" height=\"390\" src=\"https:\/\/www.usosaldana.com.co\/wp-content\/uploads\/2025\/06\/AuditoriaExterna-1024x390.jpg\" class=\"pt-cv-thumbnail no-lazy\" alt=\"\" \/><\/a><\/div>\n<div class=\"pt-cv-taxoterm above_title\"><\/div>\n<h4 class=\"pt-cv-title\"><a href=\"https:\/\/www.usosaldana.com.co\/index.php\/invitacion-publica-no-004-de-2025\/\" class=\"_self\" target=\"_self\" >INVITACI\u00d3N P\u00daBLICA No. 004 DE 2025<\/a><\/h4>\n<div class=\"pt-cv-content\">A todas las personas naturales y jur\u00eddicas cuyo objeto comercial y experiencia registre en AUDITORIA EXTERNA FINANCIERA O DE GESTI\u00d3N, ...<br \/><div class=\"pt-cv-rmwrap\"><a href=\"https:\/\/www.usosaldana.com.co\/index.php\/invitacion-publica-no-004-de-2025\/\" class=\"_self pt-cv-readmore btn btn-success\" target=\"_self\">Leer M\u00e1s<\/a><\/div><\/div>\n<div class=\"pt-cv-meta-fields\"><span class=\"entry-date\"> <time datetime=\"2025-06-09T14:28:17-05:00\">9 junio, 2025<\/time><\/span><\/div><\/div>\n<div class=\" pt-cv-content-item pt-cv-1-col\" ><div class=\"pt-cv-thumb-wrapper  \"><a href=\"https:\/\/www.usosaldana.com.co\/index.php\/invitacion-publica-subasta-no-004-de-2025\/\" class=\"_self pt-cv-href-thumbnail pt-cv-thumb-default\" target=\"_self\" ><img loading=\"lazy\" decoding=\"async\" width=\"1024\" height=\"390\" src=\"https:\/\/www.usosaldana.com.co\/wp-content\/uploads\/2025\/05\/Subasta004_2025-1024x390.jpg\" class=\"pt-cv-thumbnail no-lazy\" alt=\"\" \/><\/a><\/div>\n<div class=\"pt-cv-taxoterm above_title\"><\/div>\n<h4 class=\"pt-cv-title\"><a href=\"https:\/\/www.usosaldana.com.co\/index.php\/invitacion-publica-subasta-no-004-de-2025\/\" class=\"_self\" target=\"_self\" >Invitaci\u00f3n P\u00fablica Subasta No. 004 de 2025<\/a><\/h4>\n<div class=\"pt-cv-content\">Invitaci\u00f3n P\u00fablica subasta de venta total en lotes de maquinaria agr\u00edcola de propiedad de Usosalda\u00f1a ...<br \/><div class=\"pt-cv-rmwrap\"><a href=\"https:\/\/www.usosaldana.com.co\/index.php\/invitacion-publica-subasta-no-004-de-2025\/\" class=\"_self pt-cv-readmore btn btn-success\" target=\"_self\">Leer M\u00e1s<\/a><\/div><\/div>\n<div class=\"pt-cv-meta-fields\"><span class=\"entry-date\"> <time datetime=\"2025-05-22T20:02:45-05:00\">22 mayo, 2025<\/time><\/span><\/div><\/div>\n<div class=\" pt-cv-content-item pt-cv-1-col\" ><div class=\"pt-cv-thumb-wrapper  \"><a href=\"https:\/\/www.usosaldana.com.co\/index.php\/audiencia-publica-nacional-arroz-distritos-de-riego-problemas-y-soluciones\/\" class=\"_self pt-cv-href-thumbnail pt-cv-thumb-default\" target=\"_self\" ><img loading=\"lazy\" decoding=\"async\" width=\"1024\" height=\"391\" src=\"https:\/\/www.usosaldana.com.co\/wp-content\/uploads\/2025\/05\/Slider_AudienciaPublica-1024x391.jpg\" class=\"pt-cv-thumbnail no-lazy\" alt=\"\" \/><\/a><\/div>\n<div class=\"pt-cv-taxoterm above_title\"><\/div>\n<h4 class=\"pt-cv-title\"><a href=\"https:\/\/www.usosaldana.com.co\/index.php\/audiencia-publica-nacional-arroz-distritos-de-riego-problemas-y-soluciones\/\" class=\"_self\" target=\"_self\" >Audiencia p\u00fablica nacional \u201carroz, distritos de riego: problemas y soluciones\u201d<\/a><\/h4>\n<div class=\"pt-cv-content\">Esta Audiencia P\u00fablica se realiza en cumplimiento de la Proposici\u00f3n 143, aprobada en la plenaria del Senado el pasado 25 ...<br \/><div class=\"pt-cv-rmwrap\"><a href=\"https:\/\/www.usosaldana.com.co\/index.php\/audiencia-publica-nacional-arroz-distritos-de-riego-problemas-y-soluciones\/\" class=\"_self pt-cv-readmore btn btn-success\" target=\"_self\">Leer M\u00e1s<\/a><\/div><\/div>\n<div class=\"pt-cv-meta-fields\"><span class=\"entry-date\"> <time datetime=\"2025-05-12T12:13:34-05:00\">12 mayo, 2025<\/time><\/span><\/div><\/div>\n<div class=\" pt-cv-content-item pt-cv-1-col\" ><div class=\"pt-cv-thumb-wrapper  \"><a href=\"https:\/\/www.usosaldana.com.co\/index.php\/convocatoria-auxiliar-administrativo-2025\/\" class=\"_self pt-cv-href-thumbnail pt-cv-thumb-default\" target=\"_self\" ><img loading=\"lazy\" decoding=\"async\" width=\"1024\" height=\"390\" src=\"https:\/\/www.usosaldana.com.co\/wp-content\/uploads\/2025\/05\/Slider_AuxiliarAdmin-1-1024x390.jpg\" class=\"pt-cv-thumbnail no-lazy\" alt=\"\" \/><\/a><\/div>\n<div class=\"pt-cv-taxoterm above_title\"><\/div>\n<h4 class=\"pt-cv-title\"><a href=\"https:\/\/www.usosaldana.com.co\/index.php\/convocatoria-auxiliar-administrativo-2025\/\" class=\"_self\" target=\"_self\" >Convocatoria Auxiliar Administrativo 2025<\/a><\/h4>\n<div class=\"pt-cv-content\">Usosalda\u00f1a invita a participar en la convocatoria p\u00fablica para vincular 1 auxiliar administrativo que apoye las actividades misionales y de ...<br \/><div class=\"pt-cv-rmwrap\"><a href=\"https:\/\/www.usosaldana.com.co\/index.php\/convocatoria-auxiliar-administrativo-2025\/\" class=\"_self pt-cv-readmore btn btn-success\" target=\"_self\">Leer M\u00e1s<\/a><\/div><\/div>\n<div class=\"pt-cv-meta-fields\"><span class=\"entry-date\"> <time datetime=\"2025-05-06T16:25:14-05:00\">6 mayo, 2025<\/time><\/span><\/div><\/div>\n<div class=\" pt-cv-content-item pt-cv-1-col\" ><div class=\"pt-cv-thumb-wrapper  \"><a href=\"https:\/\/www.usosaldana.com.co\/index.php\/financiamiento-modelos-asociativo\/\" class=\"_self pt-cv-href-thumbnail pt-cv-thumb-default\" target=\"_self\" ><img loading=\"lazy\" decoding=\"async\" width=\"1024\" height=\"390\" src=\"https:\/\/www.usosaldana.com.co\/wp-content\/uploads\/2025\/04\/Slaider_BancoAgrario-1024x390.jpg\" class=\"pt-cv-thumbnail no-lazy\" alt=\"\" \/><\/a><\/div>\n<div class=\"pt-cv-taxoterm above_title\"><\/div>\n<h4 class=\"pt-cv-title\"><a href=\"https:\/\/www.usosaldana.com.co\/index.php\/financiamiento-modelos-asociativo\/\" class=\"_self\" target=\"_self\" >Financiamiento Modelos Asociativos<\/a><\/h4>\n<div class=\"pt-cv-content\">En alianza con el Banco Agrario a trav\u00e9s de financiamiento en modelo asociativo de Responsabilidad Individual tenemos tasa del 0.9% ...<br \/><div class=\"pt-cv-rmwrap\"><a href=\"https:\/\/www.usosaldana.com.co\/index.php\/financiamiento-modelos-asociativo\/\" class=\"_self pt-cv-readmore btn btn-success\" target=\"_self\">Leer M\u00e1s<\/a><\/div><\/div>\n<div class=\"pt-cv-meta-fields\"><span class=\"entry-date\"> <time datetime=\"2025-04-30T14:35:53-05:00\">30 abril, 2025<\/time><\/span><\/div><\/div>\n<div class=\" pt-cv-content-item pt-cv-1-col\" ><div class=\"pt-cv-thumb-wrapper  \"><a href=\"https:\/\/www.usosaldana.com.co\/index.php\/invitacion-publica-no-003-de-2025-2\/\" class=\"_self pt-cv-href-thumbnail pt-cv-thumb-default\" target=\"_self\" ><img loading=\"lazy\" decoding=\"async\" width=\"1024\" height=\"390\" src=\"https:\/\/www.usosaldana.com.co\/wp-content\/uploads\/2025\/04\/Slider_AuditoriaExterna-1024x390.jpg\" class=\"pt-cv-thumbnail no-lazy\" alt=\"\" \/><\/a><\/div>\n<div class=\"pt-cv-taxoterm above_title\"><\/div>\n<h4 class=\"pt-cv-title\"><a href=\"https:\/\/www.usosaldana.com.co\/index.php\/invitacion-publica-no-003-de-2025-2\/\" class=\"_self\" target=\"_self\" >INVITACI\u00d3N P\u00daBLICA No. 003 DE 2025<\/a><\/h4>\n<div class=\"pt-cv-content\">Usosalda\u00f1a invita a todas las personas naturales y jur\u00eddicas cuyo objeto comercial y experiencia registre en AUDITORIA EXTERNA FINANCIERA Y ...<br \/><div class=\"pt-cv-rmwrap\"><a href=\"https:\/\/www.usosaldana.com.co\/index.php\/invitacion-publica-no-003-de-2025-2\/\" class=\"_self pt-cv-readmore btn btn-success\" target=\"_self\">Leer M\u00e1s<\/a><\/div><\/div>\n<div class=\"pt-cv-meta-fields\"><span class=\"entry-date\"> <time datetime=\"2025-04-28T14:39:53-05:00\">28 abril, 2025<\/time><\/span><\/div><\/div>\n<div class=\" pt-cv-content-item pt-cv-1-col\" ><div class=\"pt-cv-thumb-wrapper  \"><a href=\"https:\/\/www.usosaldana.com.co\/index.php\/invitacion-publica-no-003-de-2025\/\" class=\"_self pt-cv-href-thumbnail pt-cv-thumb-default\" target=\"_self\" ><img loading=\"lazy\" decoding=\"async\" width=\"1024\" height=\"390\" src=\"https:\/\/www.usosaldana.com.co\/wp-content\/uploads\/2025\/04\/slider_Subasta003_2025-1024x390.jpg\" class=\"pt-cv-thumbnail no-lazy\" alt=\"\" \/><\/a><\/div>\n<div class=\"pt-cv-taxoterm above_title\"><\/div>\n<h4 class=\"pt-cv-title\"><a href=\"https:\/\/www.usosaldana.com.co\/index.php\/invitacion-publica-no-003-de-2025\/\" class=\"_self\" target=\"_self\" >Invitaci\u00f3n P\u00fablica Subasta No. 003 de 2025<\/a><\/h4>\n<div class=\"pt-cv-content\">Invitaci\u00f3n P\u00fablica subasta de venta total en lotes de maquinaria agr\u00edcola de propiedad de Usosalda\u00f1a ...<br \/><div class=\"pt-cv-rmwrap\"><a href=\"https:\/\/www.usosaldana.com.co\/index.php\/invitacion-publica-no-003-de-2025\/\" class=\"_self pt-cv-readmore btn btn-success\" target=\"_self\">Leer M\u00e1s<\/a><\/div><\/div>\n<div class=\"pt-cv-meta-fields\"><span class=\"entry-date\"> <time datetime=\"2025-04-24T08:33:43-05:00\">24 abril, 2025<\/time><\/span><\/div><\/div>\n<div class=\" pt-cv-content-item pt-cv-1-col\" ><div class=\"pt-cv-thumb-wrapper  \"><a href=\"https:\/\/www.usosaldana.com.co\/index.php\/circular-externa-3\/\" class=\"_self pt-cv-href-thumbnail pt-cv-thumb-default\" target=\"_self\" ><img loading=\"lazy\" decoding=\"async\" width=\"1024\" height=\"391\" src=\"https:\/\/www.usosaldana.com.co\/wp-content\/uploads\/2025\/04\/SliderCircularExterna-1024x391.jpg\" class=\"pt-cv-thumbnail no-lazy\" alt=\"\" \/><\/a><\/div>\n<div class=\"pt-cv-taxoterm above_title\"><\/div>\n<h4 class=\"pt-cv-title\"><a href=\"https:\/\/www.usosaldana.com.co\/index.php\/circular-externa-3\/\" class=\"_self\" target=\"_self\" >Circular Externa<\/a><\/h4>\n<div class=\"pt-cv-content\">Horario de atenci\u00f3n al p\u00fabico mi\u00e9rcoles 16 de abril de 2025 ...<br \/><div class=\"pt-cv-rmwrap\"><a href=\"https:\/\/www.usosaldana.com.co\/index.php\/circular-externa-3\/\" class=\"_self pt-cv-readmore btn btn-success\" target=\"_self\">Leer M\u00e1s<\/a><\/div><\/div>\n<div class=\"pt-cv-meta-fields\"><span class=\"entry-date\"> <time datetime=\"2025-04-14T16:13:39-05:00\">14 abril, 2025<\/time><\/span><\/div><\/div>\n<div class=\" pt-cv-content-item pt-cv-1-col\" ><div class=\"pt-cv-thumb-wrapper  \"><a href=\"https:\/\/www.usosaldana.com.co\/index.php\/zanja-honda-11-de-abril-de-2025\/\" class=\"_self pt-cv-href-thumbnail pt-cv-thumb-default\" target=\"_self\" ><img loading=\"lazy\" decoding=\"async\" width=\"1024\" height=\"393\" src=\"https:\/\/www.usosaldana.com.co\/wp-content\/uploads\/2025\/04\/Slider_ZanjaHonda-min-1024x393.jpg\" class=\"pt-cv-thumbnail no-lazy\" alt=\"\" \/><\/a><\/div>\n<div class=\"pt-cv-taxoterm above_title\"><\/div>\n<h4 class=\"pt-cv-title\"><a href=\"https:\/\/www.usosaldana.com.co\/index.php\/zanja-honda-11-de-abril-de-2025\/\" class=\"_self\" target=\"_self\" >Zanja Honda 11 de abril de 2025<\/a><\/h4>\n<div class=\"pt-cv-content\">Presa zanja Honda y situaci\u00f3n de inundaciones en la parte baja de la zona de jabalc\u00f3n [D. Usosalda\u00f1a]. Efecto de ...<br \/><div class=\"pt-cv-rmwrap\"><a href=\"https:\/\/www.usosaldana.com.co\/index.php\/zanja-honda-11-de-abril-de-2025\/\" class=\"_self pt-cv-readmore btn btn-success\" target=\"_self\">Leer M\u00e1s<\/a><\/div><\/div>\n<div class=\"pt-cv-meta-fields\"><span class=\"entry-date\"> <time datetime=\"2025-04-11T14:20:04-05:00\">11 abril, 2025<\/time><\/span><\/div><\/div>\n<div class=\" pt-cv-content-item pt-cv-1-col\" ><div class=\"pt-cv-thumb-wrapper  \"><a href=\"https:\/\/www.usosaldana.com.co\/index.php\/laboratorio-de-calidad-molinera-2025\/\" class=\"_self pt-cv-href-thumbnail pt-cv-thumb-default\" target=\"_self\" ><img loading=\"lazy\" decoding=\"async\" width=\"1024\" height=\"390\" src=\"https:\/\/www.usosaldana.com.co\/wp-content\/uploads\/2025\/04\/Slaider_laboratorio-1024x390.jpg\" class=\"pt-cv-thumbnail no-lazy\" alt=\"\" \/><\/a><\/div>\n<div class=\"pt-cv-taxoterm above_title\"><\/div>\n<h4 class=\"pt-cv-title\"><a href=\"https:\/\/www.usosaldana.com.co\/index.php\/laboratorio-de-calidad-molinera-2025\/\" class=\"_self\" target=\"_self\" >Laboratorio de Calidad Molinera 2025<\/a><\/h4>\n<div class=\"pt-cv-content\">\u00a1Atenci\u00f3n arroceros de Salda\u00f1a y Purificaci\u00f3n! Laboratorio de Calidad Molinera ...<br \/><div class=\"pt-cv-rmwrap\"><a href=\"https:\/\/www.usosaldana.com.co\/index.php\/laboratorio-de-calidad-molinera-2025\/\" class=\"_self pt-cv-readmore btn btn-success\" target=\"_self\">Leer M\u00e1s<\/a><\/div><\/div>\n<div class=\"pt-cv-meta-fields\"><span class=\"entry-date\"> <time datetime=\"2025-04-11T12:53:26-05:00\">11 abril, 2025<\/time><\/span><\/div><\/div>\n<div class=\" pt-cv-content-item pt-cv-1-col\" ><div class=\"pt-cv-thumb-wrapper  \"><a href=\"https:\/\/www.usosaldana.com.co\/index.php\/resolucion-numero-000084-de-2025-ministerio-de-agricultura\/\" class=\"_self pt-cv-href-thumbnail pt-cv-thumb-default\" target=\"_self\" ><img loading=\"lazy\" decoding=\"async\" width=\"1024\" height=\"390\" src=\"https:\/\/www.usosaldana.com.co\/wp-content\/uploads\/2025\/04\/Slaider_Resolucion-1024x390.jpg\" class=\"pt-cv-thumbnail no-lazy\" alt=\"\" \/><\/a><\/div>\n<div class=\"pt-cv-taxoterm above_title\"><\/div>\n<h4 class=\"pt-cv-title\"><a href=\"https:\/\/www.usosaldana.com.co\/index.php\/resolucion-numero-000084-de-2025-ministerio-de-agricultura\/\" class=\"_self\" target=\"_self\" >Resoluci\u00f3n N\u00famero 000084 de 2025 Ministerio de Agricultura<\/a><\/h4>\n<div class=\"pt-cv-content\">Por la cual se establece el Programa de apoyo directo de los medianos y peque\u00f1os productores de ingresos bajos, frente ...<br \/><div class=\"pt-cv-rmwrap\"><a href=\"https:\/\/www.usosaldana.com.co\/index.php\/resolucion-numero-000084-de-2025-ministerio-de-agricultura\/\" class=\"_self pt-cv-readmore btn btn-success\" target=\"_self\">Leer M\u00e1s<\/a><\/div><\/div>\n<div class=\"pt-cv-meta-fields\"><span class=\"entry-date\"> <time datetime=\"2025-04-11T12:23:18-05:00\">11 abril, 2025<\/time><\/span><\/div><\/div>\n<div class=\" pt-cv-content-item pt-cv-1-col\" ><div class=\"pt-cv-thumb-wrapper  \"><a href=\"https:\/\/www.usosaldana.com.co\/index.php\/circular-002-de-2025\/\" class=\"_self pt-cv-href-thumbnail pt-cv-thumb-default\" target=\"_self\" ><img loading=\"lazy\" decoding=\"async\" width=\"1024\" height=\"390\" src=\"https:\/\/www.usosaldana.com.co\/wp-content\/uploads\/2025\/04\/Slider_Circular002-1024x390.jpg\" class=\"pt-cv-thumbnail no-lazy\" alt=\"\" \/><\/a><\/div>\n<div class=\"pt-cv-taxoterm above_title\"><\/div>\n<h4 class=\"pt-cv-title\"><a href=\"https:\/\/www.usosaldana.com.co\/index.php\/circular-002-de-2025\/\" class=\"_self\" target=\"_self\" >Circular 002 de 2025<\/a><\/h4>\n<div class=\"pt-cv-content\">Por medio de la cual se implementa la notificaci\u00f3n mediante correo electr\u00f3nico de las autorizaciones de servicio de riego y ...<br \/><div class=\"pt-cv-rmwrap\"><a href=\"https:\/\/www.usosaldana.com.co\/index.php\/circular-002-de-2025\/\" class=\"_self pt-cv-readmore btn btn-success\" target=\"_self\">Leer M\u00e1s<\/a><\/div><\/div>\n<div class=\"pt-cv-meta-fields\"><span class=\"entry-date\"> <time datetime=\"2025-04-08T17:31:59-05:00\">8 abril, 2025<\/time><\/span><\/div><\/div>\n<div class=\" pt-cv-content-item pt-cv-1-col\" ><div class=\"pt-cv-thumb-wrapper  \"><a href=\"https:\/\/www.usosaldana.com.co\/index.php\/convocatoria-auditor-interno-2025\/\" class=\"_self pt-cv-href-thumbnail pt-cv-thumb-default\" target=\"_self\" ><img loading=\"lazy\" decoding=\"async\" width=\"1024\" height=\"390\" src=\"https:\/\/www.usosaldana.com.co\/wp-content\/uploads\/2025\/04\/Slider_AuditorInterno-1024x390.jpg\" class=\"pt-cv-thumbnail no-lazy\" alt=\"\" \/><\/a><\/div>\n<div class=\"pt-cv-taxoterm above_title\"><\/div>\n<h4 class=\"pt-cv-title\"><a href=\"https:\/\/www.usosaldana.com.co\/index.php\/convocatoria-auditor-interno-2025\/\" class=\"_self\" target=\"_self\" >Convocatoria Auditor Interno 2025<\/a><\/h4>\n<div class=\"pt-cv-content\">Convocatoria para proveer el cargo de Auditor Interno de Usosalda\u00f1a 2025 ...<br \/><div class=\"pt-cv-rmwrap\"><a href=\"https:\/\/www.usosaldana.com.co\/index.php\/convocatoria-auditor-interno-2025\/\" class=\"_self pt-cv-readmore btn btn-success\" target=\"_self\">Leer M\u00e1s<\/a><\/div><\/div>\n<div class=\"pt-cv-meta-fields\"><span class=\"entry-date\"> <time datetime=\"2025-04-07T07:00:44-05:00\">7 abril, 2025<\/time><\/span><\/div><\/div>\n<div class=\" pt-cv-content-item pt-cv-1-col\" ><div class=\"pt-cv-thumb-wrapper  \"><a href=\"https:\/\/www.usosaldana.com.co\/index.php\/invitacion-publica-subasta-n-002-de-2025\/\" class=\"_self pt-cv-href-thumbnail pt-cv-thumb-default\" target=\"_self\" ><img loading=\"lazy\" decoding=\"async\" width=\"1024\" height=\"576\" src=\"https:\/\/www.usosaldana.com.co\/wp-content\/uploads\/2025\/03\/Slayer_InvitacionSubastaPublica002VentaTotalMaquinaria-1024x576.jpg\" class=\"pt-cv-thumbnail no-lazy\" alt=\"\" \/><\/a><\/div>\n<div class=\"pt-cv-taxoterm above_title\"><\/div>\n<h4 class=\"pt-cv-title\"><a href=\"https:\/\/www.usosaldana.com.co\/index.php\/invitacion-publica-subasta-n-002-de-2025\/\" class=\"_self\" target=\"_self\" >Invitaci\u00f3n P\u00fablica Subasta N.002 de 2025<\/a><\/h4>\n<div class=\"pt-cv-content\">Venta total en lotes de maquinaria agr\u00edcola de propiedad de Usosalda\u00f1a ...<br \/><div class=\"pt-cv-rmwrap\"><a href=\"https:\/\/www.usosaldana.com.co\/index.php\/invitacion-publica-subasta-n-002-de-2025\/\" class=\"_self pt-cv-readmore btn btn-success\" target=\"_self\">Leer M\u00e1s<\/a><\/div><\/div>\n<div class=\"pt-cv-meta-fields\"><span class=\"entry-date\"> <time datetime=\"2025-03-25T11:28:21-05:00\">25 marzo, 2025<\/time><\/span><\/div><\/div>\n<div class=\" pt-cv-content-item pt-cv-1-col\" ><div class=\"pt-cv-thumb-wrapper  \"><a href=\"https:\/\/www.usosaldana.com.co\/index.php\/circular-001-de-2025\/\" class=\"_self pt-cv-href-thumbnail pt-cv-thumb-default\" target=\"_self\" ><img loading=\"lazy\" decoding=\"async\" width=\"1024\" height=\"576\" src=\"https:\/\/www.usosaldana.com.co\/wp-content\/uploads\/2025\/03\/Slayer_Circular001_2025-1024x576.jpg\" class=\"pt-cv-thumbnail no-lazy\" alt=\"\" \/><\/a><\/div>\n<div class=\"pt-cv-taxoterm above_title\"><\/div>\n<h4 class=\"pt-cv-title\"><a href=\"https:\/\/www.usosaldana.com.co\/index.php\/circular-001-de-2025\/\" class=\"_self\" target=\"_self\" >Circular 001 de 2025<\/a><\/h4>\n<div class=\"pt-cv-content\">Suspensi\u00f3n temporal del servicio por mantenimiento del vertedero \u2013 sedimentador ...<br \/><div class=\"pt-cv-rmwrap\"><a href=\"https:\/\/www.usosaldana.com.co\/index.php\/circular-001-de-2025\/\" class=\"_self pt-cv-readmore btn btn-success\" target=\"_self\">Leer M\u00e1s<\/a><\/div><\/div>\n<div class=\"pt-cv-meta-fields\"><span class=\"entry-date\"> <time datetime=\"2025-03-25T08:54:45-05:00\">25 marzo, 2025<\/time><\/span><\/div><\/div>\n<div class=\" pt-cv-content-item pt-cv-1-col\" ><div class=\"pt-cv-thumb-wrapper  \"><a href=\"https:\/\/www.usosaldana.com.co\/index.php\/invitacion-publica-no-002-de-2025\/\" class=\"_self pt-cv-href-thumbnail pt-cv-thumb-default\" target=\"_self\" ><img loading=\"lazy\" decoding=\"async\" width=\"1024\" height=\"576\" src=\"https:\/\/www.usosaldana.com.co\/wp-content\/uploads\/2025\/03\/SlayerAuditoriaExterna-1024x576.jpg\" class=\"pt-cv-thumbnail no-lazy\" alt=\"\" \/><\/a><\/div>\n<div class=\"pt-cv-taxoterm above_title\"><\/div>\n<h4 class=\"pt-cv-title\"><a href=\"https:\/\/www.usosaldana.com.co\/index.php\/invitacion-publica-no-002-de-2025\/\" class=\"_self\" target=\"_self\" >INVITACI\u00d3N P\u00daBLICA No. 002 DE 2025<\/a><\/h4>\n<div class=\"pt-cv-content\"> ...<br \/><div class=\"pt-cv-rmwrap\"><a href=\"https:\/\/www.usosaldana.com.co\/index.php\/invitacion-publica-no-002-de-2025\/\" class=\"_self pt-cv-readmore btn btn-success\" target=\"_self\">Leer M\u00e1s<\/a><\/div><\/div>\n<div class=\"pt-cv-meta-fields\"><span class=\"entry-date\"> <time datetime=\"2025-03-10T21:17:43-05:00\">10 marzo, 2025<\/time><\/span><\/div><\/div>\n<div class=\" pt-cv-content-item pt-cv-1-col\" ><div class=\"pt-cv-thumb-wrapper  \"><a href=\"https:\/\/www.usosaldana.com.co\/index.php\/programacion-y-logistica-de-movilizacion-al-paro-nacional-del-sector-arrocero\/\" class=\"_self pt-cv-href-thumbnail pt-cv-thumb-default\" target=\"_self\" ><img loading=\"lazy\" decoding=\"async\" width=\"1024\" height=\"723\" src=\"https:\/\/www.usosaldana.com.co\/wp-content\/uploads\/2025\/02\/Publicacion_20250222-1024x723.jpg\" class=\"pt-cv-thumbnail no-lazy\" alt=\"\" \/><\/a><\/div>\n<div class=\"pt-cv-taxoterm above_title\"><\/div>\n<h4 class=\"pt-cv-title\"><a href=\"https:\/\/www.usosaldana.com.co\/index.php\/programacion-y-logistica-de-movilizacion-al-paro-nacional-del-sector-arrocero\/\" class=\"_self\" target=\"_self\" >Programaci\u00f3n y log\u00edstica de movilizaci\u00f3n al Paro Nacional del sector arrocero.<\/a><\/h4>\n<div class=\"pt-cv-content\"> ...<br \/><div class=\"pt-cv-rmwrap\"><a href=\"https:\/\/www.usosaldana.com.co\/index.php\/programacion-y-logistica-de-movilizacion-al-paro-nacional-del-sector-arrocero\/\" class=\"_self pt-cv-readmore btn btn-success\" target=\"_self\">Leer M\u00e1s<\/a><\/div><\/div>\n<div class=\"pt-cv-meta-fields\"><span class=\"entry-date\"> <time datetime=\"2025-02-22T13:56:01-05:00\">22 febrero, 2025<\/time><\/span><\/div><\/div>\n<div class=\" pt-cv-content-item pt-cv-1-col\" ><div class=\"pt-cv-thumb-wrapper  \"><a href=\"https:\/\/www.usosaldana.com.co\/index.php\/movilizacion-nacional-de-agricultores-del-sector-arrocero-hacia-el-ministerio-de-agricultura\/\" class=\"_self pt-cv-href-thumbnail pt-cv-thumb-default\" target=\"_self\" ><img loading=\"lazy\" decoding=\"async\" width=\"768\" height=\"1024\" src=\"https:\/\/www.usosaldana.com.co\/wp-content\/uploads\/2025\/02\/IMG-20250203-WA0002-768x1024.jpg\" class=\"pt-cv-thumbnail no-lazy\" alt=\"\" \/><\/a><\/div>\n<div class=\"pt-cv-taxoterm above_title\"><\/div>\n<h4 class=\"pt-cv-title\"><a href=\"https:\/\/www.usosaldana.com.co\/index.php\/movilizacion-nacional-de-agricultores-del-sector-arrocero-hacia-el-ministerio-de-agricultura\/\" class=\"_self\" target=\"_self\" >Movilizacion Nacional de agricultores del sector arrocero hacia el Ministerio de agricultura.<\/a><\/h4>\n<div class=\"pt-cv-content\">Movilizacion Nacional de agricultores del sector arrocero hacia el Ministerio de agricultura y desarrollo rural en Bogot\u00e1. Tema: Precios bajos ...<br \/><div class=\"pt-cv-rmwrap\"><a href=\"https:\/\/www.usosaldana.com.co\/index.php\/movilizacion-nacional-de-agricultores-del-sector-arrocero-hacia-el-ministerio-de-agricultura\/\" class=\"_self pt-cv-readmore btn btn-success\" target=\"_self\">Leer M\u00e1s<\/a><\/div><\/div>\n<div class=\"pt-cv-meta-fields\"><span class=\"entry-date\"> <time datetime=\"2025-02-03T13:29:23-05:00\">3 febrero, 2025<\/time><\/span><\/div><\/div>\n<div class=\" pt-cv-content-item pt-cv-1-col\" ><div class=\"pt-cv-thumb-wrapper  \"><a href=\"https:\/\/www.usosaldana.com.co\/index.php\/informe-problematica-del-sector-arrocero-2025\/\" class=\"_self pt-cv-href-thumbnail pt-cv-thumb-default\" target=\"_self\" ><img loading=\"lazy\" decoding=\"async\" width=\"1024\" height=\"576\" src=\"https:\/\/www.usosaldana.com.co\/wp-content\/uploads\/2025\/01\/Slayer_InformeProblematicaSectorArrocero-1024x576.jpg\" class=\"pt-cv-thumbnail no-lazy\" alt=\"\" \/><\/a><\/div>\n<div class=\"pt-cv-taxoterm above_title\"><\/div>\n<h4 class=\"pt-cv-title\"><a href=\"https:\/\/www.usosaldana.com.co\/index.php\/informe-problematica-del-sector-arrocero-2025\/\" class=\"_self\" target=\"_self\" >Informe Problem\u00e1tica Del Sector Arrocero 2025<\/a><\/h4>\n<div class=\"pt-cv-content\">Asunto: INFORME PROBLEMATICA DEL SECTOR ARROCERO TRAS LA REUNION DEL 30 DE ENERO EN BOGOTA: Respetados Se\u00f1ores, En cumplimiento de ...<br \/><div class=\"pt-cv-rmwrap\"><a href=\"https:\/\/www.usosaldana.com.co\/index.php\/informe-problematica-del-sector-arrocero-2025\/\" class=\"_self pt-cv-readmore btn btn-success\" target=\"_self\">Leer M\u00e1s<\/a><\/div><\/div>\n<div class=\"pt-cv-meta-fields\"><span class=\"entry-date\"> <time datetime=\"2025-01-31T08:59:52-05:00\">31 enero, 2025<\/time><\/span><\/div><\/div>\n<div class=\" pt-cv-content-item pt-cv-1-col\" ><div class=\"pt-cv-thumb-wrapper  \"><a href=\"https:\/\/www.usosaldana.com.co\/index.php\/movilizacion-nacional-de-arroceros-a-bogota\/\" class=\"_self pt-cv-href-thumbnail pt-cv-thumb-default\" target=\"_self\" ><img loading=\"lazy\" decoding=\"async\" width=\"1024\" height=\"576\" src=\"https:\/\/www.usosaldana.com.co\/wp-content\/uploads\/2025\/01\/MovilizacionNacional-1024x576.jpg\" class=\"pt-cv-thumbnail no-lazy\" alt=\"\" \/><\/a><\/div>\n<div class=\"pt-cv-taxoterm above_title\"><\/div>\n<h4 class=\"pt-cv-title\"><a href=\"https:\/\/www.usosaldana.com.co\/index.php\/movilizacion-nacional-de-arroceros-a-bogota\/\" class=\"_self\" target=\"_self\" >Movilizaci\u00f3n Nacional de Arroceros a Bogot\u00e1<\/a><\/h4>\n<div class=\"pt-cv-content\"> ...<br \/><div class=\"pt-cv-rmwrap\"><a href=\"https:\/\/www.usosaldana.com.co\/index.php\/movilizacion-nacional-de-arroceros-a-bogota\/\" class=\"_self pt-cv-readmore btn btn-success\" target=\"_self\">Leer M\u00e1s<\/a><\/div><\/div>\n<div class=\"pt-cv-meta-fields\"><span class=\"entry-date\"> <time datetime=\"2025-01-28T11:48:19-05:00\">28 enero, 2025<\/time><\/span><\/div><\/div>\n<div class=\" pt-cv-content-item pt-cv-1-col\" ><div class=\"pt-cv-thumb-wrapper  \"><a href=\"https:\/\/www.usosaldana.com.co\/index.php\/comunicacion-resultados-invitacion-publica-n-001-de-2025\/\" class=\"_self pt-cv-href-thumbnail pt-cv-thumb-default\" target=\"_self\" ><img loading=\"lazy\" decoding=\"async\" width=\"1024\" height=\"576\" src=\"https:\/\/www.usosaldana.com.co\/wp-content\/uploads\/2025\/01\/Slayer-ResultadosIntermediario-1024x576.jpg\" class=\"pt-cv-thumbnail no-lazy\" alt=\"\" \/><\/a><\/div>\n<div class=\"pt-cv-taxoterm above_title\"><\/div>\n<h4 class=\"pt-cv-title\"><a href=\"https:\/\/www.usosaldana.com.co\/index.php\/comunicacion-resultados-invitacion-publica-n-001-de-2025\/\" class=\"_self\" target=\"_self\" >Comunicaci\u00f3n Resultados Invitaci\u00f3n P\u00fablica N.001 de 2025<\/a><\/h4>\n<div class=\"pt-cv-content\"> ...<br \/><div class=\"pt-cv-rmwrap\"><a href=\"https:\/\/www.usosaldana.com.co\/index.php\/comunicacion-resultados-invitacion-publica-n-001-de-2025\/\" class=\"_self pt-cv-readmore btn btn-success\" target=\"_self\">Leer M\u00e1s<\/a><\/div><\/div>\n<div class=\"pt-cv-meta-fields\"><span class=\"entry-date\"> <time datetime=\"2025-01-24T18:34:07-05:00\">24 enero, 2025<\/time><\/span><\/div><\/div>\n<div class=\" pt-cv-content-item pt-cv-1-col\" ><div class=\"pt-cv-thumb-wrapper  \"><a href=\"https:\/\/www.usosaldana.com.co\/index.php\/convocatoria-coordinador-administrativo-2025\/\" class=\"_self pt-cv-href-thumbnail pt-cv-thumb-default\" target=\"_self\" ><img loading=\"lazy\" decoding=\"async\" width=\"1024\" height=\"576\" src=\"https:\/\/www.usosaldana.com.co\/wp-content\/uploads\/2025\/01\/Slayer-CoordinadorAdministrativo-1024x576.jpg\" class=\"pt-cv-thumbnail no-lazy\" alt=\"\" \/><\/a><\/div>\n<div class=\"pt-cv-taxoterm above_title\"><\/div>\n<h4 class=\"pt-cv-title\"><a href=\"https:\/\/www.usosaldana.com.co\/index.php\/convocatoria-coordinador-administrativo-2025\/\" class=\"_self\" target=\"_self\" >Convocatoria Coordinador Administrativo 2025<\/a><\/h4>\n<div class=\"pt-cv-content\"> ...<br \/><div class=\"pt-cv-rmwrap\"><a href=\"https:\/\/www.usosaldana.com.co\/index.php\/convocatoria-coordinador-administrativo-2025\/\" class=\"_self pt-cv-readmore btn btn-success\" target=\"_self\">Leer M\u00e1s<\/a><\/div><\/div>\n<div class=\"pt-cv-meta-fields\"><span class=\"entry-date\"> <time datetime=\"2025-01-24T17:50:43-05:00\">24 enero, 2025<\/time><\/span><\/div><\/div>\n<div class=\" pt-cv-content-item pt-cv-1-col\" ><div class=\"pt-cv-thumb-wrapper  \"><a href=\"https:\/\/www.usosaldana.com.co\/index.php\/tarifas-fijas-volumetrica-y-multas-ano-2025\/\" class=\"_self pt-cv-href-thumbnail pt-cv-thumb-default\" target=\"_self\" ><img loading=\"lazy\" decoding=\"async\" width=\"687\" height=\"442\" src=\"https:\/\/www.usosaldana.com.co\/wp-content\/uploads\/2025\/01\/Tarifas_2025.jpeg\" class=\"pt-cv-thumbnail no-lazy\" alt=\"\" \/><\/a><\/div>\n<div class=\"pt-cv-taxoterm above_title\"><\/div>\n<h4 class=\"pt-cv-title\"><a href=\"https:\/\/www.usosaldana.com.co\/index.php\/tarifas-fijas-volumetrica-y-multas-ano-2025\/\" class=\"_self\" target=\"_self\" >Tarifas Fijas, volum\u00e9trica y multas a\u00f1o 2025<\/a><\/h4>\n<div class=\"pt-cv-content\"> ...<br \/><div class=\"pt-cv-rmwrap\"><a href=\"https:\/\/www.usosaldana.com.co\/index.php\/tarifas-fijas-volumetrica-y-multas-ano-2025\/\" class=\"_self pt-cv-readmore btn btn-success\" target=\"_self\">Leer M\u00e1s<\/a><\/div><\/div>\n<div class=\"pt-cv-meta-fields\"><span class=\"entry-date\"> <time datetime=\"2025-01-15T15:00:19-05:00\">15 enero, 2025<\/time><\/span><\/div><\/div>\n<div class=\" pt-cv-content-item pt-cv-1-col\" ><div class=\"pt-cv-thumb-wrapper  \"><a href=\"https:\/\/www.usosaldana.com.co\/index.php\/invitacion-publica-001-de-2025-intermediario-de-seguros-vigencia-2025\/\" class=\"_self pt-cv-href-thumbnail pt-cv-thumb-default\" target=\"_self\" ><img loading=\"lazy\" decoding=\"async\" width=\"1024\" height=\"576\" src=\"https:\/\/www.usosaldana.com.co\/wp-content\/uploads\/2025\/01\/PhotoGrid_Site_1736532696628-1024x576.jpg\" class=\"pt-cv-thumbnail no-lazy\" alt=\"\" \/><\/a><\/div>\n<div class=\"pt-cv-taxoterm above_title\"><\/div>\n<h4 class=\"pt-cv-title\"><a href=\"https:\/\/www.usosaldana.com.co\/index.php\/invitacion-publica-001-de-2025-intermediario-de-seguros-vigencia-2025\/\" class=\"_self\" target=\"_self\" >Invitaci\u00f3n p\u00fablica 001 de 2025 &#8211; Intermediario de seguros vigencia 2025<\/a><\/h4>\n<div class=\"pt-cv-content\"> ...<br \/><div class=\"pt-cv-rmwrap\"><a href=\"https:\/\/www.usosaldana.com.co\/index.php\/invitacion-publica-001-de-2025-intermediario-de-seguros-vigencia-2025\/\" class=\"_self pt-cv-readmore btn btn-success\" target=\"_self\">Leer M\u00e1s<\/a><\/div><\/div>\n<div class=\"pt-cv-meta-fields\"><span class=\"entry-date\"> <time datetime=\"2025-01-10T13:38:08-05:00\">10 enero, 2025<\/time><\/span><\/div><\/div>\n<div class=\" pt-cv-content-item pt-cv-1-col\" ><div class=\"pt-cv-thumb-wrapper  \"><a href=\"https:\/\/www.usosaldana.com.co\/index.php\/resolucion-numero-017-de-2024\/\" class=\"_self pt-cv-href-thumbnail pt-cv-thumb-default\" target=\"_self\" ><img loading=\"lazy\" decoding=\"async\" width=\"1024\" height=\"576\" src=\"https:\/\/www.usosaldana.com.co\/wp-content\/uploads\/2024\/02\/Resolucion_017_2024-1024x576.jpg\" class=\"pt-cv-thumbnail no-lazy\" alt=\"\" \/><\/a><\/div>\n<div class=\"pt-cv-taxoterm above_title\"><\/div>\n<h4 class=\"pt-cv-title\"><a href=\"https:\/\/www.usosaldana.com.co\/index.php\/resolucion-numero-017-de-2024\/\" class=\"_self\" target=\"_self\" >Resoluci\u00f3n N\u00famero 017 de 2024<\/a><\/h4>\n<div class=\"pt-cv-content\"> ...<br \/><div class=\"pt-cv-rmwrap\"><a href=\"https:\/\/www.usosaldana.com.co\/index.php\/resolucion-numero-017-de-2024\/\" class=\"_self pt-cv-readmore btn btn-success\" target=\"_self\">Leer M\u00e1s<\/a><\/div><\/div>\n<div class=\"pt-cv-meta-fields\"><span class=\"entry-date\"> <time datetime=\"2024-02-01T11:28:42-05:00\">1 febrero, 2024<\/time><\/span><\/div><\/div>\n<div class=\" pt-cv-content-item pt-cv-1-col\" ><div class=\"pt-cv-thumb-wrapper  \"><a href=\"https:\/\/www.usosaldana.com.co\/index.php\/registro-unico-de-beneficiarios-finales-rub\/\" class=\"_self pt-cv-href-thumbnail pt-cv-thumb-default\" target=\"_self\" ><img loading=\"lazy\" decoding=\"async\" width=\"1024\" height=\"576\" src=\"https:\/\/www.usosaldana.com.co\/wp-content\/uploads\/2023\/04\/RUB-1024x576.jpg\" class=\"pt-cv-thumbnail no-lazy\" alt=\"\" \/><\/a><\/div>\n<div class=\"pt-cv-taxoterm above_title\"><\/div>\n<h4 class=\"pt-cv-title\"><a href=\"https:\/\/www.usosaldana.com.co\/index.php\/registro-unico-de-beneficiarios-finales-rub\/\" class=\"_self\" target=\"_self\" >Registro \u00danico de Beneficiarios Finales &#8211; RUB<\/a><\/h4>\n<div class=\"pt-cv-content\"> ...<br \/><div class=\"pt-cv-rmwrap\"><a href=\"https:\/\/www.usosaldana.com.co\/index.php\/registro-unico-de-beneficiarios-finales-rub\/\" class=\"_self pt-cv-readmore btn btn-success\" target=\"_self\">Leer M\u00e1s<\/a><\/div><\/div>\n<div class=\"pt-cv-meta-fields\"><span class=\"entry-date\"> <time datetime=\"2023-04-20T16:26:07-05:00\">20 abril, 2023<\/time><\/span><\/div><\/div>\n<div class=\" pt-cv-content-item pt-cv-1-col\" ><div class=\"pt-cv-thumb-wrapper  \"><a href=\"https:\/\/www.usosaldana.com.co\/index.php\/contratos-2023\/\" class=\"_self pt-cv-href-thumbnail pt-cv-thumb-default\" target=\"_self\" ><img loading=\"lazy\" decoding=\"async\" width=\"1024\" height=\"576\" src=\"https:\/\/www.usosaldana.com.co\/wp-content\/uploads\/2025\/04\/Diapositiva1-min-1024x576.jpg\" class=\"pt-cv-thumbnail no-lazy\" alt=\"\" \/><\/a><\/div>\n<div class=\"pt-cv-taxoterm above_title\"><\/div>\n<h4 class=\"pt-cv-title\"><a href=\"https:\/\/www.usosaldana.com.co\/index.php\/contratos-2023\/\" class=\"_self\" target=\"_self\" >Contratos 2023<\/a><\/h4>\n<div class=\"pt-cv-content\"> ...<br \/><div class=\"pt-cv-rmwrap\"><a href=\"https:\/\/www.usosaldana.com.co\/index.php\/contratos-2023\/\" class=\"_self pt-cv-readmore btn btn-success\" target=\"_self\">Leer M\u00e1s<\/a><\/div><\/div>\n<div class=\"pt-cv-meta-fields\"><span class=\"entry-date\"> <time datetime=\"2023-03-21T10:05:07-05:00\">21 marzo, 2023<\/time><\/span><\/div><\/div>\n<div class=\" pt-cv-content-item pt-cv-1-col\" ><div class=\"pt-cv-thumb-wrapper  \"><a href=\"https:\/\/www.usosaldana.com.co\/index.php\/invitacion-licitar-01-de-2022-ma-375\/\" class=\"_self pt-cv-href-thumbnail pt-cv-thumb-default\" target=\"_self\" ><img loading=\"lazy\" decoding=\"async\" width=\"1024\" height=\"576\" src=\"https:\/\/www.usosaldana.com.co\/wp-content\/uploads\/2022\/11\/slayer_licitacion-1024x576.jpg\" class=\"pt-cv-thumbnail no-lazy\" alt=\"\" \/><\/a><\/div>\n<div class=\"pt-cv-taxoterm above_title\"><\/div>\n<h4 class=\"pt-cv-title\"><a href=\"https:\/\/www.usosaldana.com.co\/index.php\/invitacion-licitar-01-de-2022-ma-375\/\" class=\"_self\" target=\"_self\" >INVITACI\u00d3N A LICITAR No. 01 DE 2022 MA 375<\/a><\/h4>\n<div class=\"pt-cv-content\">La oficina de las Naciones Unidas contra la droga y el delito UNODC invita a todos los interesados en presentar ...<br \/><div class=\"pt-cv-rmwrap\"><a href=\"https:\/\/www.usosaldana.com.co\/index.php\/invitacion-licitar-01-de-2022-ma-375\/\" class=\"_self pt-cv-readmore btn btn-success\" target=\"_self\">Leer M\u00e1s<\/a><\/div><\/div>\n<div class=\"pt-cv-meta-fields\"><span class=\"entry-date\"> <time datetime=\"2022-11-11T18:39:30-05:00\">11 noviembre, 2022<\/time><\/span><\/div><\/div>\n<div class=\" pt-cv-content-item pt-cv-1-col\" ><div class=\"pt-cv-thumb-wrapper  \"><a href=\"https:\/\/www.usosaldana.com.co\/index.php\/circular-proveedores\/\" class=\"_self pt-cv-href-thumbnail pt-cv-thumb-default\" target=\"_self\" ><img loading=\"lazy\" decoding=\"async\" width=\"1024\" height=\"576\" src=\"https:\/\/www.usosaldana.com.co\/wp-content\/uploads\/2022\/11\/Publicacion_circular_proveedores-1024x576.jpg\" class=\"pt-cv-thumbnail no-lazy\" alt=\"\" \/><\/a><\/div>\n<div class=\"pt-cv-taxoterm above_title\"><\/div>\n<h4 class=\"pt-cv-title\"><a href=\"https:\/\/www.usosaldana.com.co\/index.php\/circular-proveedores\/\" class=\"_self\" target=\"_self\" >Circular Proveedores Recepci\u00f3n Facturaci\u00f3n Electr\u00f3nica<\/a><\/h4>\n<div class=\"pt-cv-content\"> ...<br \/><div class=\"pt-cv-rmwrap\"><a href=\"https:\/\/www.usosaldana.com.co\/index.php\/circular-proveedores\/\" class=\"_self pt-cv-readmore btn btn-success\" target=\"_self\">Leer M\u00e1s<\/a><\/div><\/div>\n<div class=\"pt-cv-meta-fields\"><span class=\"entry-date\"> <time datetime=\"2022-11-09T15:03:47-05:00\">9 noviembre, 2022<\/time><\/span><\/div><\/div>\n<div class=\" pt-cv-content-item pt-cv-1-col\" ><div class=\"pt-cv-thumb-wrapper  \"><a href=\"https:\/\/www.usosaldana.com.co\/index.php\/contratos-2022\/\" class=\"_self pt-cv-href-thumbnail pt-cv-thumb-default\" target=\"_self\" ><img loading=\"lazy\" decoding=\"async\" width=\"1024\" height=\"576\" src=\"https:\/\/www.usosaldana.com.co\/wp-content\/uploads\/2025\/04\/Diapositiva2-min-1024x576.jpg\" class=\"pt-cv-thumbnail no-lazy\" alt=\"\" \/><\/a><\/div>\n<div class=\"pt-cv-taxoterm above_title\"><\/div>\n<h4 class=\"pt-cv-title\"><a href=\"https:\/\/www.usosaldana.com.co\/index.php\/contratos-2022\/\" class=\"_self\" target=\"_self\" >Contratos 2022<\/a><\/h4>\n<div class=\"pt-cv-content\"> ...<br \/><div class=\"pt-cv-rmwrap\"><a href=\"https:\/\/www.usosaldana.com.co\/index.php\/contratos-2022\/\" class=\"_self pt-cv-readmore btn btn-success\" target=\"_self\">Leer M\u00e1s<\/a><\/div><\/div>\n<div class=\"pt-cv-meta-fields\"><span class=\"entry-date\"> <time datetime=\"2022-02-14T12:58:08-05:00\">14 febrero, 2022<\/time><\/span><\/div><\/div>\n<div class=\" pt-cv-content-item pt-cv-1-col\" ><div class=\"pt-cv-thumb-wrapper  \"><a href=\"https:\/\/www.usosaldana.com.co\/index.php\/corresponsales-bancolombia\/\" class=\"_self pt-cv-href-thumbnail pt-cv-thumb-default\" target=\"_self\" ><img loading=\"lazy\" decoding=\"async\" width=\"1024\" height=\"576\" src=\"https:\/\/www.usosaldana.com.co\/wp-content\/uploads\/2021\/06\/corresponsales_saldana-min-1024x576.png\" class=\"pt-cv-thumbnail no-lazy\" alt=\"\" \/><\/a><\/div>\n<div class=\"pt-cv-taxoterm above_title\"><\/div>\n<h4 class=\"pt-cv-title\"><a href=\"https:\/\/www.usosaldana.com.co\/index.php\/corresponsales-bancolombia\/\" class=\"_self\" target=\"_self\" >Corresponsales Bancolombia<\/a><\/h4>\n<div class=\"pt-cv-content\"> ...<br \/><div class=\"pt-cv-rmwrap\"><a href=\"https:\/\/www.usosaldana.com.co\/index.php\/corresponsales-bancolombia\/\" class=\"_self pt-cv-readmore btn btn-success\" target=\"_self\">Leer M\u00e1s<\/a><\/div><\/div>\n<div class=\"pt-cv-meta-fields\"><span class=\"entry-date\"> <time datetime=\"2021-06-04T14:39:57-05:00\">4 junio, 2021<\/time><\/span><\/div><\/div><\/div><\/div><\/div>\t\t\t<style type=\"text\/css\" id=\"pt-cv-inline-style-060abf0659\">\n#pt-cv-view-d0a2c9care .pt-cv-thumb-wrapper:not(.miniwrap) {  }#pt-cv-view-d0a2c9care .pt-cv-thumbnail:not(.pt-cv-thumbnailsm) { height: 300px; }#pt-cv-view-d0a2c9care > .pt-cv-page {grid-template-columns: repeat(2, 1fr);grid-gap: 20px;}\n@media all and (max-width: 1024px) { \n#pt-cv-view-d0a2c9care > .pt-cv-page {grid-template-columns: repeat(1, 1fr);}\n} \n@media all and (max-width: 767px) { \n#pt-cv-view-d0a2c9care > .pt-cv-page {grid-template-columns: repeat(1, 1fr);}\n} <\/style>\r\n\t\t\t\n\n\n\n<p><\/p>\n","protected":false},"excerpt":{"rendered":"","protected":false},"author":3,"featured_media":0,"parent":0,"menu_order":2,"comment_status":"closed","ping_status":"closed","template":"","meta":{"footnotes":""},"class_list":["post-7","page","type-page","status-publish","czr-hentry"],"_links":{"self":[{"href":"https:\/\/www.usosaldana.com.co\/index.php\/wp-json\/wp\/v2\/pages\/7","targetHints":{"allow":["GET"]}}],"collection":[{"href":"https:\/\/www.usosaldana.com.co\/index.php\/wp-json\/wp\/v2\/pages"}],"about":[{"href":"https:\/\/www.usosaldana.com.co\/index.php\/wp-json\/wp\/v2\/types\/page"}],"author":[{"embeddable":true,"href":"https:\/\/www.usosaldana.com.co\/index.php\/wp-json\/wp\/v2\/users\/3"}],"replies":[{"embeddable":true,"href":"https:\/\/www.usosaldana.com.co\/index.php\/wp-json\/wp\/v2\/comments?post=7"}],"version-history":[{"count":30,"href":"https:\/\/www.usosaldana.com.co\/index.php\/wp-json\/wp\/v2\/pages\/7\/revisions"}],"predecessor-version":[{"id":5011,"href":"https:\/\/www.usosaldana.com.co\/index.php\/wp-json\/wp\/v2\/pages\/7\/revisions\/5011"}],"wp:attachment":[{"href":"https:\/\/www.usosaldana.com.co\/index.php\/wp-json\/wp\/v2\/media?parent=7"}],"curies":[{"name":"wp","href":"https:\/\/api.w.org\/{rel}","templated":true}]}}